{"id":285127,"date":"2022-06-28T16:38:37","date_gmt":"2022-06-28T15:38:37","guid":{"rendered":"https:\/\/triathlondesaintraphael.fr\/?page_id=285127"},"modified":"2026-08-31T09:04:53","modified_gmt":"2026-08-31T08:04:53","slug":"aquathlon-enfants","status":"publish","type":"page","link":"https:\/\/triathlondesaintraphael.fr\/it\/aquathlon-enfants\/","title":{"rendered":"Acquatlon per bambini"},"content":{"rendered":"<div data-elementor-type=\"wp-page\" data-elementor-id=\"285127\" class=\"elementor elementor-285127\" data-elementor-settings=\"{&quot;ha_cmc_init_switcher&quot;:&quot;no&quot;}\">\n\t\t\t\t\t\t<section class=\"elementor-section elementor-top-section elementor-element elementor-element-b5e764d elementor-section-full_width elementor-section-height-default elementor-section-height-default\" data-id=\"b5e764d\" data-element_type=\"section\" data-e-type=\"section\" data-settings=\"{&quot;background_background&quot;:&quot;classic&quot;,&quot;_ha_eqh_enable&quot;:false}\">\n\t\t\t\t\t\t<div class=\"elementor-container elementor-column-gap-default\">\n\t\t\t\t\t<div class=\"elementor-column elementor-col-100 elementor-top-column elementor-element elementor-element-3d58053\" data-id=\"3d58053\" data-element_type=\"column\" data-e-type=\"column\">\n\t\t\t<div class=\"elementor-widget-wrap elementor-element-populated\">\n\t\t\t\t\t\t<div class=\"elementor-element elementor-element-1522fd3 elementor-widget elementor-widget-spacer\" data-id=\"1522fd3\" data-element_type=\"widget\" data-e-type=\"widget\" data-widget_type=\"spacer.default\">\n\t\t\t\t<div class=\"elementor-widget-container\">\n\t\t\t\t\t\t\t<div class=\"elementor-spacer\">\n\t\t\t<div class=\"elementor-spacer-inner\"><\/div>\n\t\t<\/div>\n\t\t\t\t\t\t<\/div>\n\t\t\t\t<\/div>\n\t\t\t\t\t<\/div>\n\t\t<\/div>\n\t\t\t\t\t<\/div>\n\t\t<\/section>\n\t\t\t\t<section class=\"elementor-section elementor-top-section elementor-element elementor-element-549fd53 elementor-section-full_width elementor-section-height-default elementor-section-height-default\" data-id=\"549fd53\" data-element_type=\"section\" data-e-type=\"section\" data-settings=\"{&quot;background_background&quot;:&quot;classic&quot;,&quot;_ha_eqh_enable&quot;:false}\">\n\t\t\t\t\t\t<div class=\"elementor-container elementor-column-gap-default\">\n\t\t\t\t\t<div class=\"elementor-column elementor-col-100 elementor-top-column elementor-element elementor-element-cd79a48\" data-id=\"cd79a48\" data-element_type=\"column\" data-e-type=\"column\">\n\t\t\t<div class=\"elementor-widget-wrap elementor-element-populated\">\n\t\t\t\t\t\t<div class=\"elementor-element elementor-element-d3ecac9 elementor-widget elementor-widget-heading\" data-id=\"d3ecac9\" data-element_type=\"widget\" data-e-type=\"widget\" data-widget_type=\"heading.default\">\n\t\t\t\t<div class=\"elementor-widget-container\">\n\t\t\t\t\t<h1 class=\"elementor-heading-title elementor-size-default\">SABATO 19 SETTEMBRE (POMERIGGIO) - AQUATHLON GIOVANI BY AIRBNB<\/h1>\t\t\t\t<\/div>\n\t\t\t\t<\/div>\n\t\t\t\t\t<\/div>\n\t\t<\/div>\n\t\t\t\t\t<\/div>\n\t\t<\/section>\n\t\t\t\t<section class=\"elementor-section elementor-top-section elementor-element elementor-element-edb6d47 elementor-section-boxed elementor-section-height-default elementor-section-height-default\" data-id=\"edb6d47\" data-element_type=\"section\" data-e-type=\"section\" data-settings=\"{&quot;_ha_eqh_enable&quot;:false}\">\n\t\t\t\t\t\t<div class=\"elementor-container elementor-column-gap-default\">\n\t\t\t\t\t<div class=\"elementor-column elementor-col-100 elementor-top-column elementor-element elementor-element-03a6d7b\" data-id=\"03a6d7b\" data-element_type=\"column\" data-e-type=\"column\">\n\t\t\t<div class=\"elementor-widget-wrap elementor-element-populated\">\n\t\t\t\t\t\t<div class=\"elementor-element elementor-element-45ada45 elementor-widget elementor-widget-text-editor\" data-id=\"45ada45\" data-element_type=\"widget\" data-e-type=\"widget\" data-widget_type=\"text-editor.default\">\n\t\t\t\t<div class=\"elementor-widget-container\">\n\t\t\t\t\t\t\t\t\t<p>Gara giovani in parallelo al T100 Est\u00e9rel C\u00f4te d\u2019Azur<br \/>Da <strong>dalle 15:00 alle 17:00<\/strong>, spazio ai 6-15 anni per la loro prova tra la spiaggia del Veillat e i Jardin Bonaparte, con un arrivo sotto l'arco, come i professionisti.<br \/><strong>Iscrizione gratuita, individuale o a staffetta.<\/strong><\/p>\t\t\t\t\t\t\t\t<\/div>\n\t\t\t\t<\/div>\n\t\t\t\t<div class=\"elementor-element elementor-element-9ef379b elementor-align-center parking elementor-widget__width-initial elementor-icon-list--layout-traditional elementor-list-item-link-full_width elementor-widget elementor-widget-icon-list\" data-id=\"9ef379b\" data-element_type=\"widget\" data-e-type=\"widget\" data-widget_type=\"icon-list.default\">\n\t\t\t\t<div class=\"elementor-widget-container\">\n\t\t\t\t\t\t\t<ul class=\"elementor-icon-list-items\">\n\t\t\t\t\t\t\t<li class=\"elementor-icon-list-item\">\n\t\t\t\t\t\t\t\t\t\t\t<span class=\"elementor-icon-list-icon\">\n\t\t\t\t\t\t\t<i aria-hidden=\"true\" class=\"fas fa-chevron-circle-right\"><\/i>\t\t\t\t\t\t<\/span>\n\t\t\t\t\t\t\t\t\t\t<span class=\"elementor-icon-list-text\"><strong>   Iscrizioni online fino all'11 settembre <\/strong>  <a href=\"https:\/\/www.esterel-cotedazur.com\/les-experiences\/t100-french-riviera-2026-programme-circulation-et-informations-pratiques\/#aquathlon\" target=\"_blank\" rel=\"noopener noreferrer\">esterel-cotedazur.com<\/a> sezione T100 Costa Azzurra<\/span>\n\t\t\t\t\t\t\t\t\t<\/li>\n\t\t\t\t\t\t<\/ul>\n\t\t\t\t\t\t<\/div>\n\t\t\t\t<\/div>\n\t\t\t\t<div class=\"elementor-element elementor-element-ee406b6 elementor-widget elementor-widget-text-editor\" data-id=\"ee406b6\" data-element_type=\"widget\" data-e-type=\"widget\" data-widget_type=\"text-editor.default\">\n\t\t\t\t<div class=\"elementor-widget-container\">\n\t\t\t\t\t\t\t\t\t<p>Affinch\u00e9<b>\u2019attivare le iscrizioni all'Aquathlon Jeunes by Airbnb<\/b>, conto sul vostro passaparola tramite le vostre rispettive banche dati che potrebbero attrarre giovani partecipanti dai 6 ai 15 anni.<\/p><p><strong> \u2022<\/strong> L'Aquathlon Jeunes s'adresse en priorit\u00e9 aux clubs de triathlon, de natation et d'athl\u00e9tisme, aux associations sportives scolaires (UNSS) et \u00e0 toute autre association sportive du territoire, mais reste accessible \u00e0 tous les enfants souhaitant vivre l'exp\u00e9rience, licenci\u00e9s ou non, seuls ou en relais.<br \/><strong>\u2022<\/strong> In allegato: Una<b>\u00a0manifesto per le iscrizioni all'Aquathlon Giovani Airbnb<\/b>, all'attenzione di club e associazioni sportive, luoghi pubblici frequentati dai 6-15 anni, giornate delle associazioni a inizio settembre\u2026<\/p>\t\t\t\t\t\t\t\t<\/div>\n\t\t\t\t<\/div>\n\t\t\t\t\t<\/div>\n\t\t<\/div>\n\t\t\t\t\t<\/div>\n\t\t<\/section>\n\t\t\t\t<section class=\"elementor-section elementor-top-section elementor-element elementor-element-e9cd78d elementor-section-full_width elementor-section-height-default elementor-section-height-default\" data-id=\"e9cd78d\" data-element_type=\"section\" data-e-type=\"section\" data-settings=\"{&quot;_ha_eqh_enable&quot;:false}\">\n\t\t\t\t\t\t<div class=\"elementor-container elementor-column-gap-default\">\n\t\t\t\t\t<div class=\"elementor-column elementor-col-100 elementor-top-column elementor-element elementor-element-7b7ef57\" data-id=\"7b7ef57\" data-element_type=\"column\" data-e-type=\"column\">\n\t\t\t<div class=\"elementor-widget-wrap elementor-element-populated\">\n\t\t\t\t\t\t<div class=\"elementor-element elementor-element-f8926fe elementor-widget-divider--view-line elementor-widget elementor-widget-divider\" data-id=\"f8926fe\" data-element_type=\"widget\" data-e-type=\"widget\" data-widget_type=\"divider.default\">\n\t\t\t\t<div class=\"elementor-widget-container\">\n\t\t\t\t\t\t\t<div class=\"elementor-divider\">\n\t\t\t<span class=\"elementor-divider-separator\">\n\t\t\t\t\t\t<\/span>\n\t\t<\/div>\n\t\t\t\t\t\t<\/div>\n\t\t\t\t<\/div>\n\t\t\t\t<div class=\"elementor-element elementor-element-48678fb elementor-widget elementor-widget-heading\" data-id=\"48678fb\" data-element_type=\"widget\" data-e-type=\"widget\" data-widget_type=\"heading.default\">\n\t\t\t\t<div class=\"elementor-widget-container\">\n\t\t\t\t\t<h2 class=\"elementor-heading-title elementor-size-default\">Informazioni pratiche<\/h2>\t\t\t\t<\/div>\n\t\t\t\t<\/div>\n\t\t\t\t<div class=\"elementor-element elementor-element-80e62b6 elementor-widget-divider--view-line elementor-widget elementor-widget-divider\" data-id=\"80e62b6\" data-element_type=\"widget\" data-e-type=\"widget\" data-widget_type=\"divider.default\">\n\t\t\t\t<div class=\"elementor-widget-container\">\n\t\t\t\t\t\t\t<div class=\"elementor-divider\">\n\t\t\t<span class=\"elementor-divider-separator\">\n\t\t\t\t\t\t<\/span>\n\t\t<\/div>\n\t\t\t\t\t\t<\/div>\n\t\t\t\t<\/div>\n\t\t\t\t\t<\/div>\n\t\t<\/div>\n\t\t\t\t\t<\/div>\n\t\t<\/section>\n\t\t\t\t<section class=\"elementor-section elementor-top-section elementor-element elementor-element-3b82735 elementor-section-full_width elementor-section-height-default elementor-section-height-default\" data-id=\"3b82735\" data-element_type=\"section\" data-e-type=\"section\" data-settings=\"{&quot;_ha_eqh_enable&quot;:false}\">\n\t\t\t\t\t\t<div class=\"elementor-container elementor-column-gap-wider\">\n\t\t\t\t\t<div class=\"elementor-column elementor-col-50 elementor-top-column elementor-element elementor-element-0cd5959\" data-id=\"0cd5959\" data-element_type=\"column\" data-e-type=\"column\">\n\t\t\t<div class=\"elementor-widget-wrap elementor-element-populated\">\n\t\t\t\t\t\t<div class=\"elementor-element elementor-element-7744775 elementor-widget elementor-widget-image\" data-id=\"7744775\" data-element_type=\"widget\" data-e-type=\"widget\" data-widget_type=\"image.default\">\n\t\t\t\t<div class=\"elementor-widget-container\">\n\t\t\t\t\t\t\t\t\t\t\t\t\t\t\t<img fetchpriority=\"high\" decoding=\"async\" width=\"1065\" height=\"1134\" src=\"https:\/\/triathlondesaintraphael.fr\/wp-content\/uploads\/2019\/02\/st-raphael-triathlon-dossards-1.jpg\" class=\"attachment-full size-full wp-image-448\" alt=\"Tout le programme aquathlon en d\u00e9tail du Triathlon de Saint-Rapha\u00ebl by Roxim : retrait des dossards, parcours S et parcours M\u2026\" srcset=\"https:\/\/triathlondesaintraphael.fr\/wp-content\/uploads\/2019\/02\/st-raphael-triathlon-dossards-1.jpg 1065w, https:\/\/triathlondesaintraphael.fr\/wp-content\/uploads\/2019\/02\/st-raphael-triathlon-dossards-1-282x300.jpg 282w, https:\/\/triathlondesaintraphael.fr\/wp-content\/uploads\/2019\/02\/st-raphael-triathlon-dossards-1-768x818.jpg 768w, https:\/\/triathlondesaintraphael.fr\/wp-content\/uploads\/2019\/02\/st-raphael-triathlon-dossards-1-962x1024.jpg 962w\" sizes=\"(max-width: 1065px) 100vw, 1065px\" \/>\t\t\t\t\t\t\t\t\t\t\t\t\t\t\t<\/div>\n\t\t\t\t<\/div>\n\t\t\t\t\t<\/div>\n\t\t<\/div>\n\t\t\t\t<div class=\"elementor-column elementor-col-50 elementor-top-column elementor-element elementor-element-a572af2\" data-id=\"a572af2\" data-element_type=\"column\" data-e-type=\"column\">\n\t\t\t<div class=\"elementor-widget-wrap elementor-element-populated\">\n\t\t\t\t\t\t<div class=\"elementor-element elementor-element-018907a elementor-align-start parking elementor-icon-list--layout-traditional elementor-list-item-link-full_width elementor-widget elementor-widget-icon-list\" data-id=\"018907a\" data-element_type=\"widget\" data-e-type=\"widget\" data-widget_type=\"icon-list.default\">\n\t\t\t\t<div class=\"elementor-widget-container\">\n\t\t\t\t\t\t\t<ul class=\"elementor-icon-list-items\">\n\t\t\t\t\t\t\t<li class=\"elementor-icon-list-item\">\n\t\t\t\t\t\t\t\t\t\t\t<span class=\"elementor-icon-list-icon\">\n\t\t\t\t\t\t\t<i aria-hidden=\"true\" class=\"fas fa-chevron-circle-right\"><\/i>\t\t\t\t\t\t<\/span>\n\t\t\t\t\t\t\t\t\t\t<span class=\"elementor-icon-list-text\"><strong>  Quando? <\/strong>\u00a0Sabato 19 settembre 2026, dalle 15:00 alle 17:00 (premiazione alle 16:45)<\/span>\n\t\t\t\t\t\t\t\t\t<\/li>\n\t\t\t\t\t\t\t\t<li class=\"elementor-icon-list-item\">\n\t\t\t\t\t\t\t\t\t\t\t<span class=\"elementor-icon-list-icon\">\n\t\t\t\t\t\t\t<i aria-hidden=\"true\" class=\"fas fa-chevron-circle-right\"><\/i>\t\t\t\t\t\t<\/span>\n\t\t\t\t\t\t\t\t\t\t<span class=\"elementor-icon-list-text\"><strong>  Dove? <\/strong>\u00a0Plage du Veillat (partenze) \u2013 Jardin Bonaparte (arrivi e podi), Saint-Rapha\u00ebl<\/span>\n\t\t\t\t\t\t\t\t\t<\/li>\n\t\t\t\t\t\t\t\t<li class=\"elementor-icon-list-item\">\n\t\t\t\t\t\t\t\t\t\t\t<span class=\"elementor-icon-list-icon\">\n\t\t\t\t\t\t\t<i aria-hidden=\"true\" class=\"fas fa-chevron-circle-right\"><\/i>\t\t\t\t\t\t<\/span>\n\t\t\t\t\t\t\t\t\t\t<span class=\"elementor-icon-list-text\"><strong>  Ritiro pettorali: <\/strong>\u00a0Dalle 12:00 alle 16:00, tenda Est\u00e9rel C\u00f4te d'Azur, Esplanade de Lattre de Tassigny<\/span>\n\t\t\t\t\t\t\t\t\t<\/li>\n\t\t\t\t\t\t\t\t<li class=\"elementor-icon-list-item\">\n\t\t\t\t\t\t\t\t\t\t\t<span class=\"elementor-icon-list-icon\">\n\t\t\t\t\t\t\t<i aria-hidden=\"true\" class=\"fas fa-chevron-circle-right\"><\/i>\t\t\t\t\t\t<\/span>\n\t\t\t\t\t\t\t\t\t\t<span class=\"elementor-icon-list-text\"><strong>  Modalit\u00e0 di iscrizione: <\/strong>\u00a0GRATUITO \u2013 in singolo o a staffetta, tesserati e non tesserati (costo della tessera esperienza: 4 \u20ac per i non tesserati)<\/span>\n\t\t\t\t\t\t\t\t\t<\/li>\n\t\t\t\t\t\t\t\t<li class=\"elementor-icon-list-item\">\n\t\t\t\t\t\t\t\t\t\t\t<span class=\"elementor-icon-list-icon\">\n\t\t\t\t\t\t\t<i aria-hidden=\"true\" class=\"fas fa-chevron-circle-right\"><\/i>\t\t\t\t\t\t<\/span>\n\t\t\t\t\t\t\t\t\t\t<span class=\"elementor-icon-list-text\"><strong>   Iscrizioni online fino all'11 settembre <\/strong>  <a href=\"https:\/\/www.esterel-cotedazur.com\/les-experiences\/t100-french-riviera-2026-programme-circulation-et-informations-pratiques\/#aquathlon\" target=\"_blank\" rel=\"noopener noreferrer\">esterel-cotedazur.com<\/a> sezione T100 Costa Azzurra<\/span>\n\t\t\t\t\t\t\t\t\t<\/li>\n\t\t\t\t\t\t<\/ul>\n\t\t\t\t\t\t<\/div>\n\t\t\t\t<\/div>\n\t\t\t\t<div class=\"elementor-element elementor-element-23870d1 elementor-widget elementor-widget-image\" data-id=\"23870d1\" data-element_type=\"widget\" data-e-type=\"widget\" data-widget_type=\"image.default\">\n\t\t\t\t<div class=\"elementor-widget-container\">\n\t\t\t\t\t\t\t\t\t\t\t\t\t\t\t\t<a href=\"https:\/\/www.esterel-cotedazur.com\/les-experiences\/t100-french-riviera-2026-programme-circulation-et-informations-pratiques\/#aquathlon\" target=\"_blank\">\n\t\t\t\t\t\t\t<img decoding=\"async\" width=\"1000\" height=\"1000\" src=\"https:\/\/triathlondesaintraphael.fr\/wp-content\/uploads\/2026\/08\/QR-Code-site-Esterel-Cote-dAzur_page-T100ECA26-scaled-e1788161174643.png\" class=\"attachment-full size-full wp-image-893878\" alt=\"\" \/>\t\t\t\t\t\t\t\t<\/a>\n\t\t\t\t\t\t\t\t\t\t\t\t\t\t\t<\/div>\n\t\t\t\t<\/div>\n\t\t\t\t\t<\/div>\n\t\t<\/div>\n\t\t\t\t\t<\/div>\n\t\t<\/section>\n\t\t\t\t<section class=\"elementor-section elementor-top-section elementor-element elementor-element-cb563ad elementor-section-boxed elementor-section-height-default elementor-section-height-default\" data-id=\"cb563ad\" data-element_type=\"section\" data-e-type=\"section\" data-settings=\"{&quot;_ha_eqh_enable&quot;:false}\">\n\t\t\t\t\t\t<div class=\"elementor-container elementor-column-gap-default\">\n\t\t\t\t\t<div class=\"elementor-column elementor-col-33 elementor-top-column elementor-element elementor-element-bb10e68\" data-id=\"bb10e68\" data-element_type=\"column\" data-e-type=\"column\">\n\t\t\t<div class=\"elementor-widget-wrap elementor-element-populated\">\n\t\t\t\t\t\t<div class=\"elementor-element elementor-element-84929e6 elementor-widget elementor-widget-image\" data-id=\"84929e6\" data-element_type=\"widget\" data-e-type=\"widget\" data-widget_type=\"image.default\">\n\t\t\t\t<div class=\"elementor-widget-container\">\n\t\t\t\t\t\t\t\t\t\t\t\t\t\t\t\t<a href=\"https:\/\/www.ekoi.fr\/fr\/\" target=\"_blank\">\n\t\t\t\t\t\t\t<img decoding=\"async\" width=\"297\" height=\"204\" src=\"https:\/\/triathlondesaintraphael.fr\/wp-content\/uploads\/2026\/08\/TSR-AQUATHLON-2026-1.webp\" class=\"attachment-full size-full wp-image-893902\" alt=\"\" srcset=\"https:\/\/triathlondesaintraphael.fr\/wp-content\/uploads\/2026\/08\/TSR-AQUATHLON-2026-1.webp 297w, https:\/\/triathlondesaintraphael.fr\/wp-content\/uploads\/2026\/08\/TSR-AQUATHLON-2026-1-18x12.webp 18w\" sizes=\"(max-width: 297px) 100vw, 297px\" \/>\t\t\t\t\t\t\t\t<\/a>\n\t\t\t\t\t\t\t\t\t\t\t\t\t\t\t<\/div>\n\t\t\t\t<\/div>\n\t\t\t\t\t<\/div>\n\t\t<\/div>\n\t\t\t\t<div class=\"elementor-column elementor-col-33 elementor-top-column elementor-element elementor-element-ddfca66\" data-id=\"ddfca66\" data-element_type=\"column\" data-e-type=\"column\">\n\t\t\t<div class=\"elementor-widget-wrap elementor-element-populated\">\n\t\t\t\t\t\t<div class=\"elementor-element elementor-element-47a8490 elementor-widget elementor-widget-image\" data-id=\"47a8490\" data-element_type=\"widget\" data-e-type=\"widget\" data-widget_type=\"image.default\">\n\t\t\t\t<div class=\"elementor-widget-container\">\n\t\t\t\t\t\t\t\t\t\t\t\t\t\t\t\t<a href=\"https:\/\/www.airbnb.fr\/\" target=\"_blank\">\n\t\t\t\t\t\t\t<img loading=\"lazy\" decoding=\"async\" width=\"297\" height=\"204\" src=\"https:\/\/triathlondesaintraphael.fr\/wp-content\/uploads\/2026\/08\/TSR-AQUATHLON-2026-2.webp\" class=\"attachment-full size-full wp-image-893903\" alt=\"\" srcset=\"https:\/\/triathlondesaintraphael.fr\/wp-content\/uploads\/2026\/08\/TSR-AQUATHLON-2026-2.webp 297w, https:\/\/triathlondesaintraphael.fr\/wp-content\/uploads\/2026\/08\/TSR-AQUATHLON-2026-2-18x12.webp 18w\" sizes=\"(max-width: 297px) 100vw, 297px\" \/>\t\t\t\t\t\t\t\t<\/a>\n\t\t\t\t\t\t\t\t\t\t\t\t\t\t\t<\/div>\n\t\t\t\t<\/div>\n\t\t\t\t\t<\/div>\n\t\t<\/div>\n\t\t\t\t<div class=\"elementor-column elementor-col-33 elementor-top-column elementor-element elementor-element-d734597\" data-id=\"d734597\" data-element_type=\"column\" data-e-type=\"column\">\n\t\t\t<div class=\"elementor-widget-wrap elementor-element-populated\">\n\t\t\t\t\t\t<div class=\"elementor-element elementor-element-e218804 elementor-widget elementor-widget-image\" data-id=\"e218804\" data-element_type=\"widget\" data-e-type=\"widget\" data-widget_type=\"image.default\">\n\t\t\t\t<div class=\"elementor-widget-container\">\n\t\t\t\t\t\t\t\t\t\t\t\t\t\t\t\t<a href=\"https:\/\/www.esterel-cotedazur.com\/\" target=\"_blank\">\n\t\t\t\t\t\t\t<img loading=\"lazy\" decoding=\"async\" width=\"297\" height=\"204\" src=\"https:\/\/triathlondesaintraphael.fr\/wp-content\/uploads\/2026\/08\/TSR-AQUATHLON-2026-3.webp\" class=\"attachment-full size-full wp-image-893904\" alt=\"\" srcset=\"https:\/\/triathlondesaintraphael.fr\/wp-content\/uploads\/2026\/08\/TSR-AQUATHLON-2026-3.webp 297w, https:\/\/triathlondesaintraphael.fr\/wp-content\/uploads\/2026\/08\/TSR-AQUATHLON-2026-3-18x12.webp 18w\" sizes=\"(max-width: 297px) 100vw, 297px\" \/>\t\t\t\t\t\t\t\t<\/a>\n\t\t\t\t\t\t\t\t\t\t\t\t\t\t\t<\/div>\n\t\t\t\t<\/div>\n\t\t\t\t\t<\/div>\n\t\t<\/div>\n\t\t\t\t\t<\/div>\n\t\t<\/section>\n\t\t\t\t<section class=\"elementor-section elementor-top-section elementor-element elementor-element-df6ac61 elementor-section-boxed elementor-section-height-default elementor-section-height-default\" data-id=\"df6ac61\" data-element_type=\"section\" data-e-type=\"section\" data-settings=\"{&quot;_ha_eqh_enable&quot;:false}\">\n\t\t\t\t\t\t<div class=\"elementor-container elementor-column-gap-default\">\n\t\t\t\t\t<div class=\"elementor-column elementor-col-33 elementor-top-column elementor-element elementor-element-d811414\" data-id=\"d811414\" data-element_type=\"column\" data-e-type=\"column\">\n\t\t\t<div class=\"elementor-widget-wrap elementor-element-populated\">\n\t\t\t\t\t\t<div class=\"elementor-element elementor-element-fed1eae elementor-widget elementor-widget-image\" data-id=\"fed1eae\" data-element_type=\"widget\" data-e-type=\"widget\" data-widget_type=\"image.default\">\n\t\t\t\t<div class=\"elementor-widget-container\">\n\t\t\t\t\t\t\t\t\t\t\t\t\t\t\t\t<a href=\"https:\/\/www.ville-saintraphael.fr\/\" target=\"_blank\">\n\t\t\t\t\t\t\t<img loading=\"lazy\" decoding=\"async\" width=\"297\" height=\"204\" src=\"https:\/\/triathlondesaintraphael.fr\/wp-content\/uploads\/2026\/08\/TSR-AQUATHLON-2026-4.webp\" class=\"attachment-full size-full wp-image-893905\" alt=\"\" srcset=\"https:\/\/triathlondesaintraphael.fr\/wp-content\/uploads\/2026\/08\/TSR-AQUATHLON-2026-4.webp 297w, https:\/\/triathlondesaintraphael.fr\/wp-content\/uploads\/2026\/08\/TSR-AQUATHLON-2026-4-18x12.webp 18w\" sizes=\"(max-width: 297px) 100vw, 297px\" \/>\t\t\t\t\t\t\t\t<\/a>\n\t\t\t\t\t\t\t\t\t\t\t\t\t\t\t<\/div>\n\t\t\t\t<\/div>\n\t\t\t\t\t<\/div>\n\t\t<\/div>\n\t\t\t\t<div class=\"elementor-column elementor-col-33 elementor-top-column elementor-element elementor-element-81f437f\" data-id=\"81f437f\" data-element_type=\"column\" data-e-type=\"column\">\n\t\t\t<div class=\"elementor-widget-wrap elementor-element-populated\">\n\t\t\t\t\t\t<div class=\"elementor-element elementor-element-0821fef elementor-widget elementor-widget-image\" data-id=\"0821fef\" data-element_type=\"widget\" data-e-type=\"widget\" data-widget_type=\"image.default\">\n\t\t\t\t<div class=\"elementor-widget-container\">\n\t\t\t\t\t\t\t\t\t\t\t\t\t\t\t\t<a href=\"https:\/\/esterelcotedazur-agglo.fr\/\" target=\"_blank\">\n\t\t\t\t\t\t\t<img loading=\"lazy\" decoding=\"async\" width=\"297\" height=\"204\" src=\"https:\/\/triathlondesaintraphael.fr\/wp-content\/uploads\/2026\/08\/TSR-AQUATHLON-2026-5.webp\" class=\"attachment-full size-full wp-image-893906\" alt=\"\" srcset=\"https:\/\/triathlondesaintraphael.fr\/wp-content\/uploads\/2026\/08\/TSR-AQUATHLON-2026-5.webp 297w, https:\/\/triathlondesaintraphael.fr\/wp-content\/uploads\/2026\/08\/TSR-AQUATHLON-2026-5-18x12.webp 18w\" sizes=\"(max-width: 297px) 100vw, 297px\" \/>\t\t\t\t\t\t\t\t<\/a>\n\t\t\t\t\t\t\t\t\t\t\t\t\t\t\t<\/div>\n\t\t\t\t<\/div>\n\t\t\t\t\t<\/div>\n\t\t<\/div>\n\t\t\t\t<div class=\"elementor-column elementor-col-33 elementor-top-column elementor-element elementor-element-86ead92\" data-id=\"86ead92\" data-element_type=\"column\" data-e-type=\"column\">\n\t\t\t<div class=\"elementor-widget-wrap elementor-element-populated\">\n\t\t\t\t\t\t<div class=\"elementor-element elementor-element-fb7ff35 elementor-widget elementor-widget-image\" data-id=\"fb7ff35\" data-element_type=\"widget\" data-e-type=\"widget\" data-widget_type=\"image.default\">\n\t\t\t\t<div class=\"elementor-widget-container\">\n\t\t\t\t\t\t\t\t\t\t\t\t\t\t\t\t<a href=\"https:\/\/www.frejus.fr\/\" target=\"_blank\">\n\t\t\t\t\t\t\t<img loading=\"lazy\" decoding=\"async\" width=\"297\" height=\"204\" src=\"https:\/\/triathlondesaintraphael.fr\/wp-content\/uploads\/2026\/08\/TSR-AQUATHLON-2026-6.webp\" class=\"attachment-full size-full wp-image-893907\" alt=\"\" srcset=\"https:\/\/triathlondesaintraphael.fr\/wp-content\/uploads\/2026\/08\/TSR-AQUATHLON-2026-6.webp 297w, https:\/\/triathlondesaintraphael.fr\/wp-content\/uploads\/2026\/08\/TSR-AQUATHLON-2026-6-18x12.webp 18w\" sizes=\"(max-width: 297px) 100vw, 297px\" \/>\t\t\t\t\t\t\t\t<\/a>\n\t\t\t\t\t\t\t\t\t\t\t\t\t\t\t<\/div>\n\t\t\t\t<\/div>\n\t\t\t\t\t<\/div>\n\t\t<\/div>\n\t\t\t\t\t<\/div>\n\t\t<\/section>\n\t\t\t\t<section class=\"elementor-section elementor-top-section elementor-element elementor-element-a5ff78a elementor-section-full_width elementor-hidden-desktop elementor-hidden-tablet elementor-hidden-mobile elementor-section-height-default elementor-section-height-default\" data-id=\"a5ff78a\" data-element_type=\"section\" data-e-type=\"section\" data-settings=\"{&quot;background_background&quot;:&quot;classic&quot;,&quot;_ha_eqh_enable&quot;:false}\">\n\t\t\t\t\t\t<div class=\"elementor-container elementor-column-gap-default\">\n\t\t\t\t\t<div class=\"elementor-column elementor-col-100 elementor-top-column elementor-element elementor-element-681c36d\" data-id=\"681c36d\" data-element_type=\"column\" data-e-type=\"column\">\n\t\t\t<div class=\"elementor-widget-wrap elementor-element-populated\">\n\t\t\t\t\t\t<div class=\"elementor-element elementor-element-b20464f elementor-widget elementor-widget-spacer\" data-id=\"b20464f\" data-element_type=\"widget\" data-e-type=\"widget\" data-widget_type=\"spacer.default\">\n\t\t\t\t<div class=\"elementor-widget-container\">\n\t\t\t\t\t\t\t<div class=\"elementor-spacer\">\n\t\t\t<div class=\"elementor-spacer-inner\"><\/div>\n\t\t<\/div>\n\t\t\t\t\t\t<\/div>\n\t\t\t\t<\/div>\n\t\t\t\t\t<\/div>\n\t\t<\/div>\n\t\t\t\t\t<\/div>\n\t\t<\/section>\n\t\t\t\t<section class=\"elementor-section elementor-top-section elementor-element elementor-element-b7263c7 elementor-section-full_width elementor-hidden-desktop elementor-hidden-tablet elementor-hidden-mobile elementor-section-height-default elementor-section-height-default\" data-id=\"b7263c7\" data-element_type=\"section\" data-e-type=\"section\" data-settings=\"{&quot;background_background&quot;:&quot;classic&quot;,&quot;_ha_eqh_enable&quot;:false}\">\n\t\t\t\t\t\t<div class=\"elementor-container elementor-column-gap-default\">\n\t\t\t\t\t<div class=\"elementor-column elementor-col-100 elementor-top-column elementor-element elementor-element-49a5704\" data-id=\"49a5704\" data-element_type=\"column\" data-e-type=\"column\">\n\t\t\t<div class=\"elementor-widget-wrap elementor-element-populated\">\n\t\t\t\t\t\t<div class=\"elementor-element elementor-element-50e4ef5 elementor-widget elementor-widget-heading\" data-id=\"50e4ef5\" data-element_type=\"widget\" data-e-type=\"widget\" data-widget_type=\"heading.default\">\n\t\t\t\t<div class=\"elementor-widget-container\">\n\t\t\t\t\t<h2 class=\"elementor-heading-title elementor-size-default\">PROGRAMMA AQUATHLON<\/h2>\t\t\t\t<\/div>\n\t\t\t\t<\/div>\n\t\t\t\t\t<\/div>\n\t\t<\/div>\n\t\t\t\t\t<\/div>\n\t\t<\/section>\n\t\t\t\t<section class=\"elementor-section elementor-top-section elementor-element elementor-element-ace02d3 elementor-section-full_width elementor-hidden-desktop elementor-hidden-tablet elementor-hidden-mobile elementor-section-height-default elementor-section-height-default\" data-id=\"ace02d3\" data-element_type=\"section\" data-e-type=\"section\" data-settings=\"{&quot;_ha_eqh_enable&quot;:false}\">\n\t\t\t\t\t\t<div class=\"elementor-container elementor-column-gap-default\">\n\t\t\t\t\t<div class=\"elementor-column elementor-col-100 elementor-top-column elementor-element elementor-element-3be0320\" data-id=\"3be0320\" data-element_type=\"column\" data-e-type=\"column\">\n\t\t\t<div class=\"elementor-widget-wrap elementor-element-populated\">\n\t\t\t\t\t\t<section class=\"elementor-section elementor-inner-section elementor-element elementor-element-138bcb0 elementor-section-full_width elementor-section-height-default elementor-section-height-default\" data-id=\"138bcb0\" data-element_type=\"section\" data-e-type=\"section\" data-settings=\"{&quot;_ha_eqh_enable&quot;:false}\">\n\t\t\t\t\t\t<div class=\"elementor-container elementor-column-gap-default\">\n\t\t\t\t\t<div class=\"elementor-column elementor-col-100 elementor-inner-column elementor-element elementor-element-ac25aba\" data-id=\"ac25aba\" data-element_type=\"column\" data-e-type=\"column\">\n\t\t\t<div class=\"elementor-widget-wrap elementor-element-populated\">\n\t\t\t\t\t\t<div class=\"elementor-element elementor-element-5a8de4f elementor-widget-divider--view-line_text elementor-widget-divider--element-align-left elementor-widget elementor-widget-divider\" data-id=\"5a8de4f\" data-element_type=\"widget\" data-e-type=\"widget\" data-widget_type=\"divider.default\">\n\t\t\t\t<div class=\"elementor-widget-container\">\n\t\t\t\t\t\t\t<div class=\"elementor-divider\">\n\t\t\t<span class=\"elementor-divider-separator\">\n\t\t\t\t\t\t\t<h3 class=\"elementor-divider__text elementor-divider__element\">\n\t\t\t\tCALENDARIO DELLE GARE: YOUTH 1, YOUTH 2, XS, S\t\t\t\t<\/h3>\n\t\t\t\t\t\t<\/span>\n\t\t<\/div>\n\t\t\t\t\t\t<\/div>\n\t\t\t\t<\/div>\n\t\t\t\t\t<\/div>\n\t\t<\/div>\n\t\t\t\t\t<\/div>\n\t\t<\/section>\n\t\t\t\t<section class=\"elementor-section elementor-inner-section elementor-element elementor-element-80c69f8 elementor-section-full_width elementor-section-height-default elementor-section-height-default\" data-id=\"80c69f8\" data-element_type=\"section\" data-e-type=\"section\" data-settings=\"{&quot;_ha_eqh_enable&quot;:false}\">\n\t\t\t\t\t\t<div class=\"elementor-container elementor-column-gap-default\">\n\t\t\t\t\t<div class=\"elementor-column elementor-col-50 elementor-inner-column elementor-element elementor-element-dfcb206\" data-id=\"dfcb206\" data-element_type=\"column\" data-e-type=\"column\">\n\t\t\t<div class=\"elementor-widget-wrap elementor-element-populated\">\n\t\t\t\t\t\t<div class=\"elementor-element elementor-element-1a5a822 elementor-align-start parking elementor-icon-list--layout-traditional elementor-list-item-link-full_width elementor-widget elementor-widget-icon-list\" data-id=\"1a5a822\" data-element_type=\"widget\" data-e-type=\"widget\" data-widget_type=\"icon-list.default\">\n\t\t\t\t<div class=\"elementor-widget-container\">\n\t\t\t\t\t\t\t<ul class=\"elementor-icon-list-items\">\n\t\t\t\t\t\t\t<li class=\"elementor-icon-list-item\">\n\t\t\t\t\t\t\t\t\t\t\t<span class=\"elementor-icon-list-icon\">\n\t\t\t\t\t\t\t<i aria-hidden=\"true\" class=\"fas fa-chevron-circle-right\"><\/i>\t\t\t\t\t\t<\/span>\n\t\t\t\t\t\t\t\t\t\t<span class=\"elementor-icon-list-text\"><strong>12:00 alle 14:00<\/strong>\u00a0Ritiro pettorali.<\/span>\n\t\t\t\t\t\t\t\t\t<\/li>\n\t\t\t\t\t\t\t\t<li class=\"elementor-icon-list-item\">\n\t\t\t\t\t\t\t\t\t\t\t<span class=\"elementor-icon-list-icon\">\n\t\t\t\t\t\t\t<i aria-hidden=\"true\" class=\"fas fa-chevron-circle-right\"><\/i>\t\t\t\t\t\t<\/span>\n\t\t\t\t\t\t\t\t\t\t<span class=\"elementor-icon-list-text\"><strong>14:00<\/strong>\u00a0Ingresso all'area cambio Aquathlon GIOVANE 1 e GIOVANE 2.<\/span>\n\t\t\t\t\t\t\t\t\t<\/li>\n\t\t\t\t\t\t\t\t<li class=\"elementor-icon-list-item\">\n\t\t\t\t\t\t\t\t\t\t\t<span class=\"elementor-icon-list-icon\">\n\t\t\t\t\t\t\t<i aria-hidden=\"true\" class=\"fas fa-chevron-circle-right\"><\/i>\t\t\t\t\t\t<\/span>\n\t\t\t\t\t\t\t\t\t\t<span class=\"elementor-icon-list-text\"><strong>14:30<\/strong>\u00a0Chiusura delle aree Transizioni GIOVANE 1 e GIOVANE 2.<\/span>\n\t\t\t\t\t\t\t\t\t<\/li>\n\t\t\t\t\t\t\t\t<li class=\"elementor-icon-list-item\">\n\t\t\t\t\t\t\t\t\t\t\t<span class=\"elementor-icon-list-icon\">\n\t\t\t\t\t\t\t<i aria-hidden=\"true\" class=\"fas fa-chevron-circle-right\"><\/i>\t\t\t\t\t\t<\/span>\n\t\t\t\t\t\t\t\t\t\t<span class=\"elementor-icon-list-text\"><strong>14:35<\/strong>\u00a0GIOVANI 1 briefing pre-gara.<\/span>\n\t\t\t\t\t\t\t\t\t<\/li>\n\t\t\t\t\t\t\t\t<li class=\"elementor-icon-list-item\">\n\t\t\t\t\t\t\t\t\t\t\t<span class=\"elementor-icon-list-icon\">\n\t\t\t\t\t\t\t<i aria-hidden=\"true\" class=\"fas fa-chevron-circle-right\"><\/i>\t\t\t\t\t\t<\/span>\n\t\t\t\t\t\t\t\t\t\t<span class=\"elementor-icon-list-text\"><strong>14:40<\/strong>\u00a0GIOVANE 1 partenza gara.<\/span>\n\t\t\t\t\t\t\t\t\t<\/li>\n\t\t\t\t\t\t\t\t<li class=\"elementor-icon-list-item\">\n\t\t\t\t\t\t\t\t\t\t\t<span class=\"elementor-icon-list-icon\">\n\t\t\t\t\t\t\t<i aria-hidden=\"true\" class=\"fas fa-chevron-circle-right\"><\/i>\t\t\t\t\t\t<\/span>\n\t\t\t\t\t\t\t\t\t\t<span class=\"elementor-icon-list-text\"><strong>14:45<\/strong>\u00a0Arrivo ultimo concorrente GIOVANE 1.<\/span>\n\t\t\t\t\t\t\t\t\t<\/li>\n\t\t\t\t\t\t\t\t<li class=\"elementor-icon-list-item\">\n\t\t\t\t\t\t\t\t\t\t\t<span class=\"elementor-icon-list-icon\">\n\t\t\t\t\t\t\t<i aria-hidden=\"true\" class=\"fas fa-chevron-circle-right\"><\/i>\t\t\t\t\t\t<\/span>\n\t\t\t\t\t\t\t\t\t\t<span class=\"elementor-icon-list-text\"><strong>14:50<\/strong>\u00a0GIOVANI 2 Briefing pre-gara.<\/span>\n\t\t\t\t\t\t\t\t\t<\/li>\n\t\t\t\t\t\t\t\t<li class=\"elementor-icon-list-item\">\n\t\t\t\t\t\t\t\t\t\t\t<span class=\"elementor-icon-list-icon\">\n\t\t\t\t\t\t\t<i aria-hidden=\"true\" class=\"fas fa-chevron-circle-right\"><\/i>\t\t\t\t\t\t<\/span>\n\t\t\t\t\t\t\t\t\t\t<span class=\"elementor-icon-list-text\"><strong>14:50<\/strong>\u00a0Chiusura della gara GIOVANE 1.<\/span>\n\t\t\t\t\t\t\t\t\t<\/li>\n\t\t\t\t\t\t\t\t<li class=\"elementor-icon-list-item\">\n\t\t\t\t\t\t\t\t\t\t\t<span class=\"elementor-icon-list-icon\">\n\t\t\t\t\t\t\t<i aria-hidden=\"true\" class=\"fas fa-chevron-circle-right\"><\/i>\t\t\t\t\t\t<\/span>\n\t\t\t\t\t\t\t\t\t\t<span class=\"elementor-icon-list-text\"><strong>14:55<\/strong>\u00a0Partenza gara GIOVANE 2.<\/span>\n\t\t\t\t\t\t\t\t\t<\/li>\n\t\t\t\t\t\t\t\t<li class=\"elementor-icon-list-item\">\n\t\t\t\t\t\t\t\t\t\t\t<span class=\"elementor-icon-list-icon\">\n\t\t\t\t\t\t\t<i aria-hidden=\"true\" class=\"fas fa-chevron-circle-right\"><\/i>\t\t\t\t\t\t<\/span>\n\t\t\t\t\t\t\t\t\t\t<span class=\"elementor-icon-list-text\"><strong>15:10<\/strong>\u00a0Arrivo ultimo concorrente YOUNG 2.<\/span>\n\t\t\t\t\t\t\t\t\t<\/li>\n\t\t\t\t\t\t\t\t<li class=\"elementor-icon-list-item\">\n\t\t\t\t\t\t\t\t\t\t\t<span class=\"elementor-icon-list-icon\">\n\t\t\t\t\t\t\t<i aria-hidden=\"true\" class=\"fas fa-chevron-circle-right\"><\/i>\t\t\t\t\t\t<\/span>\n\t\t\t\t\t\t\t\t\t\t<span class=\"elementor-icon-list-text\"><strong>15:15<\/strong>\u00a0Chiusura della gara GIOVANE 2.<\/span>\n\t\t\t\t\t\t\t\t\t<\/li>\n\t\t\t\t\t\t\t\t<li class=\"elementor-icon-list-item\">\n\t\t\t\t\t\t\t\t\t\t\t<span class=\"elementor-icon-list-icon\">\n\t\t\t\t\t\t\t<i aria-hidden=\"true\" class=\"fas fa-chevron-circle-right\"><\/i>\t\t\t\t\t\t<\/span>\n\t\t\t\t\t\t\t\t\t\t<span class=\"elementor-icon-list-text\"><strong>15:20<\/strong>\u00a0Recupero dei casi Aquathlons GIOVANE 1 e GIOVANE 2.<\/span>\n\t\t\t\t\t\t\t\t\t<\/li>\n\t\t\t\t\t\t\t\t<li class=\"elementor-icon-list-item\">\n\t\t\t\t\t\t\t\t\t\t\t<span class=\"elementor-icon-list-icon\">\n\t\t\t\t\t\t\t<i aria-hidden=\"true\" class=\"fas fa-chevron-circle-right\"><\/i>\t\t\t\t\t\t<\/span>\n\t\t\t\t\t\t\t\t\t\t<span class=\"elementor-icon-list-text\"><strong>16:00<\/strong>\u00a0Presentazione premi GIOVANE 2.<\/span>\n\t\t\t\t\t\t\t\t\t<\/li>\n\t\t\t\t\t\t\t\t<li class=\"elementor-icon-list-item\">\n\t\t\t\t\t\t\t\t\t\t\t<span class=\"elementor-icon-list-icon\">\n\t\t\t\t\t\t\t<i aria-hidden=\"true\" class=\"fas fa-chevron-circle-right\"><\/i>\t\t\t\t\t\t<\/span>\n\t\t\t\t\t\t\t\t\t\t<span class=\"elementor-icon-list-text\"><strong>16:00<\/strong>\u00a0Ingresso alla zona cambio Aquathlon XS e S.<\/span>\n\t\t\t\t\t\t\t\t\t<\/li>\n\t\t\t\t\t\t\t\t<li class=\"elementor-icon-list-item\">\n\t\t\t\t\t\t\t\t\t\t\t<span class=\"elementor-icon-list-icon\">\n\t\t\t\t\t\t\t<i aria-hidden=\"true\" class=\"fas fa-chevron-circle-right\"><\/i>\t\t\t\t\t\t<\/span>\n\t\t\t\t\t\t\t\t\t\t<span class=\"elementor-icon-list-text\"><strong>16:00<\/strong>\u00a0Presentazione premi GIOVANI 1.<\/span>\n\t\t\t\t\t\t\t\t\t<\/li>\n\t\t\t\t\t\t<\/ul>\n\t\t\t\t\t\t<\/div>\n\t\t\t\t<\/div>\n\t\t\t\t\t<\/div>\n\t\t<\/div>\n\t\t\t\t<div class=\"elementor-column elementor-col-50 elementor-inner-column elementor-element elementor-element-83564c9\" data-id=\"83564c9\" data-element_type=\"column\" data-e-type=\"column\">\n\t\t\t<div class=\"elementor-widget-wrap elementor-element-populated\">\n\t\t\t\t\t\t<div class=\"elementor-element elementor-element-81b3c56 elementor-align-start parking elementor-icon-list--layout-traditional elementor-list-item-link-full_width elementor-widget elementor-widget-icon-list\" data-id=\"81b3c56\" data-element_type=\"widget\" data-e-type=\"widget\" data-widget_type=\"icon-list.default\">\n\t\t\t\t<div class=\"elementor-widget-container\">\n\t\t\t\t\t\t\t<ul class=\"elementor-icon-list-items\">\n\t\t\t\t\t\t\t<li class=\"elementor-icon-list-item\">\n\t\t\t\t\t\t\t\t\t\t\t<span class=\"elementor-icon-list-icon\">\n\t\t\t\t\t\t\t<i aria-hidden=\"true\" class=\"fas fa-chevron-circle-right\"><\/i>\t\t\t\t\t\t<\/span>\n\t\t\t\t\t\t\t\t\t\t<span class=\"elementor-icon-list-text\"><strong>16:30<\/strong>\u00a0Chiusura delle aree Transizioni XS e S.<\/span>\n\t\t\t\t\t\t\t\t\t<\/li>\n\t\t\t\t\t\t\t\t<li class=\"elementor-icon-list-item\">\n\t\t\t\t\t\t\t\t\t\t\t<span class=\"elementor-icon-list-icon\">\n\t\t\t\t\t\t\t<i aria-hidden=\"true\" class=\"fas fa-chevron-circle-right\"><\/i>\t\t\t\t\t\t<\/span>\n\t\t\t\t\t\t\t\t\t\t<span class=\"elementor-icon-list-text\"><strong>16:35<\/strong>\u00a0Briefing pre-gara XS.<\/span>\n\t\t\t\t\t\t\t\t\t<\/li>\n\t\t\t\t\t\t\t\t<li class=\"elementor-icon-list-item\">\n\t\t\t\t\t\t\t\t\t\t\t<span class=\"elementor-icon-list-icon\">\n\t\t\t\t\t\t\t<i aria-hidden=\"true\" class=\"fas fa-chevron-circle-right\"><\/i>\t\t\t\t\t\t<\/span>\n\t\t\t\t\t\t\t\t\t\t<span class=\"elementor-icon-list-text\"><strong>16:40<\/strong>\u00a0Inizio gara XS.<\/span>\n\t\t\t\t\t\t\t\t\t<\/li>\n\t\t\t\t\t\t\t\t<li class=\"elementor-icon-list-item\">\n\t\t\t\t\t\t\t\t\t\t\t<span class=\"elementor-icon-list-icon\">\n\t\t\t\t\t\t\t<i aria-hidden=\"true\" class=\"fas fa-chevron-circle-right\"><\/i>\t\t\t\t\t\t<\/span>\n\t\t\t\t\t\t\t\t\t\t<span class=\"elementor-icon-list-text\"><strong>16:40<\/strong>\u00a0Chiusura della gara XS.<\/span>\n\t\t\t\t\t\t\t\t\t<\/li>\n\t\t\t\t\t\t\t\t<li class=\"elementor-icon-list-item\">\n\t\t\t\t\t\t\t\t\t\t\t<span class=\"elementor-icon-list-icon\">\n\t\t\t\t\t\t\t<i aria-hidden=\"true\" class=\"fas fa-chevron-circle-right\"><\/i>\t\t\t\t\t\t<\/span>\n\t\t\t\t\t\t\t\t\t\t<span class=\"elementor-icon-list-text\"><strong>17:15<\/strong>\u00a0Arrivo ultimo concorrente XS.<\/span>\n\t\t\t\t\t\t\t\t\t<\/li>\n\t\t\t\t\t\t\t\t<li class=\"elementor-icon-list-item\">\n\t\t\t\t\t\t\t\t\t\t\t<span class=\"elementor-icon-list-icon\">\n\t\t\t\t\t\t\t<i aria-hidden=\"true\" class=\"fas fa-chevron-circle-right\"><\/i>\t\t\t\t\t\t<\/span>\n\t\t\t\t\t\t\t\t\t\t<span class=\"elementor-icon-list-text\"><strong>17:15<\/strong>\u00a0Briefing pre-gara S.<\/span>\n\t\t\t\t\t\t\t\t\t<\/li>\n\t\t\t\t\t\t\t\t<li class=\"elementor-icon-list-item\">\n\t\t\t\t\t\t\t\t\t\t\t<span class=\"elementor-icon-list-icon\">\n\t\t\t\t\t\t\t<i aria-hidden=\"true\" class=\"fas fa-chevron-circle-right\"><\/i>\t\t\t\t\t\t<\/span>\n\t\t\t\t\t\t\t\t\t\t<span class=\"elementor-icon-list-text\"><strong>17:20<\/strong>\u00a0Inizio gara S.<\/span>\n\t\t\t\t\t\t\t\t\t<\/li>\n\t\t\t\t\t\t\t\t<li class=\"elementor-icon-list-item\">\n\t\t\t\t\t\t\t\t\t\t\t<span class=\"elementor-icon-list-icon\">\n\t\t\t\t\t\t\t<i aria-hidden=\"true\" class=\"fas fa-chevron-circle-right\"><\/i>\t\t\t\t\t\t<\/span>\n\t\t\t\t\t\t\t\t\t\t<span class=\"elementor-icon-list-text\"><strong>18:30<\/strong>\u00a0Arrivo ultimo concorrente S.<\/span>\n\t\t\t\t\t\t\t\t\t<\/li>\n\t\t\t\t\t\t\t\t<li class=\"elementor-icon-list-item\">\n\t\t\t\t\t\t\t\t\t\t\t<span class=\"elementor-icon-list-icon\">\n\t\t\t\t\t\t\t<i aria-hidden=\"true\" class=\"fas fa-chevron-circle-right\"><\/i>\t\t\t\t\t\t<\/span>\n\t\t\t\t\t\t\t\t\t\t<span class=\"elementor-icon-list-text\"><strong>18:35<\/strong>\u00a0Recupero degli effetti personali dell'Aquaathlon XS e S.<\/span>\n\t\t\t\t\t\t\t\t\t<\/li>\n\t\t\t\t\t\t\t\t<li class=\"elementor-icon-list-item\">\n\t\t\t\t\t\t\t\t\t\t\t<span class=\"elementor-icon-list-icon\">\n\t\t\t\t\t\t\t<i aria-hidden=\"true\" class=\"fas fa-chevron-circle-right\"><\/i>\t\t\t\t\t\t<\/span>\n\t\t\t\t\t\t\t\t\t\t<span class=\"elementor-icon-list-text\"><strong>18:35<\/strong>\u00a0Chiusura della gara S.<\/span>\n\t\t\t\t\t\t\t\t\t<\/li>\n\t\t\t\t\t\t\t\t<li class=\"elementor-icon-list-item\">\n\t\t\t\t\t\t\t\t\t\t\t<span class=\"elementor-icon-list-icon\">\n\t\t\t\t\t\t\t<i aria-hidden=\"true\" class=\"fas fa-chevron-circle-right\"><\/i>\t\t\t\t\t\t<\/span>\n\t\t\t\t\t\t\t\t\t\t<span class=\"elementor-icon-list-text\"><strong>19:00<\/strong>\u00a0Ricompense XS scontate.<\/span>\n\t\t\t\t\t\t\t\t\t<\/li>\n\t\t\t\t\t\t\t\t<li class=\"elementor-icon-list-item\">\n\t\t\t\t\t\t\t\t\t\t\t<span class=\"elementor-icon-list-icon\">\n\t\t\t\t\t\t\t<i aria-hidden=\"true\" class=\"fas fa-chevron-circle-right\"><\/i>\t\t\t\t\t\t<\/span>\n\t\t\t\t\t\t\t\t\t\t<span class=\"elementor-icon-list-text\"><strong>19:00<\/strong>\u00a0Presentazione di s.<\/span>\n\t\t\t\t\t\t\t\t\t<\/li>\n\t\t\t\t\t\t<\/ul>\n\t\t\t\t\t\t<\/div>\n\t\t\t\t<\/div>\n\t\t\t\t\t<\/div>\n\t\t<\/div>\n\t\t\t\t\t<\/div>\n\t\t<\/section>\n\t\t\t\t\t<\/div>\n\t\t<\/div>\n\t\t\t\t\t<\/div>\n\t\t<\/section>\n\t\t\t\t<section class=\"elementor-section elementor-top-section elementor-element elementor-element-4b531fb elementor-hidden-desktop elementor-hidden-tablet elementor-hidden-mobile elementor-section-boxed elementor-section-height-default elementor-section-height-default\" data-id=\"4b531fb\" data-element_type=\"section\" data-e-type=\"section\" data-settings=\"{&quot;background_background&quot;:&quot;classic&quot;,&quot;_ha_eqh_enable&quot;:false}\">\n\t\t\t\t\t\t<div class=\"elementor-container elementor-column-gap-default\">\n\t\t\t\t\t<div class=\"elementor-column elementor-col-100 elementor-top-column elementor-element elementor-element-b6455b4\" data-id=\"b6455b4\" data-element_type=\"column\" data-e-type=\"column\">\n\t\t\t<div class=\"elementor-widget-wrap elementor-element-populated\">\n\t\t\t\t\t\t<div class=\"elementor-element elementor-element-3c0a838 elementor-widget elementor-widget-heading\" data-id=\"3c0a838\" data-element_type=\"widget\" data-e-type=\"widget\" data-widget_type=\"heading.default\">\n\t\t\t\t<div class=\"elementor-widget-container\">\n\t\t\t\t\t<h2 class=\"elementor-heading-title elementor-size-default\">I CORSI DI ACQUATHLON<\/h2>\t\t\t\t<\/div>\n\t\t\t\t<\/div>\n\t\t\t\t\t<\/div>\n\t\t<\/div>\n\t\t\t\t\t<\/div>\n\t\t<\/section>\n\t\t\t\t<section class=\"elementor-section elementor-top-section elementor-element elementor-element-960d0b0 elementor-section-full_width elementor-hidden-desktop elementor-hidden-tablet elementor-hidden-mobile elementor-section-height-default elementor-section-height-default\" data-id=\"960d0b0\" data-element_type=\"section\" data-e-type=\"section\" data-settings=\"{&quot;_ha_eqh_enable&quot;:false}\">\n\t\t\t\t\t\t<div class=\"elementor-container elementor-column-gap-default\">\n\t\t\t\t\t<div class=\"elementor-column elementor-col-100 elementor-top-column elementor-element elementor-element-1f33439\" data-id=\"1f33439\" data-element_type=\"column\" data-e-type=\"column\">\n\t\t\t<div class=\"elementor-widget-wrap elementor-element-populated\">\n\t\t\t\t\t\t<section class=\"elementor-section elementor-inner-section elementor-element elementor-element-d1bd2d0 elementor-section-full_width elementor-section-height-default elementor-section-height-default\" data-id=\"d1bd2d0\" data-element_type=\"section\" data-e-type=\"section\" data-settings=\"{&quot;_ha_eqh_enable&quot;:false}\">\n\t\t\t\t\t\t<div class=\"elementor-container elementor-column-gap-default\">\n\t\t\t\t\t<div class=\"elementor-column elementor-col-100 elementor-inner-column elementor-element elementor-element-be14744\" data-id=\"be14744\" data-element_type=\"column\" data-e-type=\"column\">\n\t\t\t<div class=\"elementor-widget-wrap elementor-element-populated\">\n\t\t\t\t\t\t<div class=\"elementor-element elementor-element-7b0c682 elementor-widget-divider--view-line_text elementor-widget-divider--element-align-left elementor-widget elementor-widget-divider\" data-id=\"7b0c682\" data-element_type=\"widget\" data-e-type=\"widget\" data-widget_type=\"divider.default\">\n\t\t\t\t<div class=\"elementor-widget-container\">\n\t\t\t\t\t\t\t<div class=\"elementor-divider\">\n\t\t\t<span class=\"elementor-divider-separator\">\n\t\t\t\t\t\t\t<h4 class=\"elementor-divider__text elementor-divider__element\">\n\t\t\t\tCORSO GIOVANI 1\t\t\t\t<\/h4>\n\t\t\t\t\t\t<\/span>\n\t\t<\/div>\n\t\t\t\t\t\t<\/div>\n\t\t\t\t<\/div>\n\t\t\t\t\t<\/div>\n\t\t<\/div>\n\t\t\t\t\t<\/div>\n\t\t<\/section>\n\t\t\t\t<section class=\"elementor-section elementor-inner-section elementor-element elementor-element-29f2c1d elementor-section-full_width elementor-section-height-default elementor-section-height-default\" data-id=\"29f2c1d\" data-element_type=\"section\" data-e-type=\"section\" data-settings=\"{&quot;_ha_eqh_enable&quot;:false}\">\n\t\t\t\t\t\t<div class=\"elementor-container elementor-column-gap-default\">\n\t\t\t\t\t<div class=\"elementor-column elementor-col-50 elementor-inner-column elementor-element elementor-element-67ee006\" data-id=\"67ee006\" data-element_type=\"column\" data-e-type=\"column\">\n\t\t\t<div class=\"elementor-widget-wrap elementor-element-populated\">\n\t\t\t\t\t\t<div class=\"elementor-element elementor-element-7106707 elementor-widget elementor-widget-image\" data-id=\"7106707\" data-element_type=\"widget\" data-e-type=\"widget\" data-widget_type=\"image.default\">\n\t\t\t\t<div class=\"elementor-widget-container\">\n\t\t\t\t\t\t\t\t\t\t\t\t\t\t\t\t<a href=\"https:\/\/triathlondesaintraphael.fr\/wp-content\/uploads\/2023\/07\/Capture-decran-2023-07-27-103030.png\" data-elementor-open-lightbox=\"yes\" data-elementor-lightbox-title=\"NATATION Aquathlon JEUNE 1\" data-e-action-hash=\"#elementor-action%3Aaction%3Dlightbox%26settings%3DeyJpZCI6Mzg4OTU1LCJ1cmwiOiJodHRwczpcL1wvdHJpYXRobG9uZGVzYWludHJhcGhhZWwuZnJcL3dwLWNvbnRlbnRcL3VwbG9hZHNcLzIwMjNcLzA3XC9DYXB0dXJlLWRlY3Jhbi0yMDIzLTA3LTI3LTEwMzAzMC5wbmcifQ%3D%3D\">\n\t\t\t\t\t\t\t<img loading=\"lazy\" decoding=\"async\" width=\"982\" height=\"583\" src=\"https:\/\/triathlondesaintraphael.fr\/wp-content\/uploads\/2023\/07\/Capture-decran-2023-07-27-103030.png\" class=\"attachment-full size-full wp-image-388955\" alt=\"\" srcset=\"https:\/\/triathlondesaintraphael.fr\/wp-content\/uploads\/2023\/07\/Capture-decran-2023-07-27-103030.png 982w, https:\/\/triathlondesaintraphael.fr\/wp-content\/uploads\/2023\/07\/Capture-decran-2023-07-27-103030-300x178.png 300w, https:\/\/triathlondesaintraphael.fr\/wp-content\/uploads\/2023\/07\/Capture-decran-2023-07-27-103030-768x456.png 768w, https:\/\/triathlondesaintraphael.fr\/wp-content\/uploads\/2023\/07\/Capture-decran-2023-07-27-103030-18x12.png 18w\" sizes=\"(max-width: 982px) 100vw, 982px\" \/>\t\t\t\t\t\t\t\t<\/a>\n\t\t\t\t\t\t\t\t\t\t\t\t\t\t\t<\/div>\n\t\t\t\t<\/div>\n\t\t\t\t<div class=\"elementor-element elementor-element-b97fbca elementor-widget elementor-widget-text-editor\" data-id=\"b97fbca\" data-element_type=\"widget\" data-e-type=\"widget\" data-widget_type=\"text-editor.default\">\n\t\t\t\t<div class=\"elementor-widget-container\">\n\t\t\t\t\t\t\t\t\t<p><a href=\"https:\/\/www.openrunner.com\/route-details\/16789236\" target=\"_blank\" rel=\"noopener\">Guarda il percorso del percorso SWIMMING Aquathlon GIOVANE 1 su Openrunner<\/a><\/p>\t\t\t\t\t\t\t\t<\/div>\n\t\t\t\t<\/div>\n\t\t\t\t\t<\/div>\n\t\t<\/div>\n\t\t\t\t<div class=\"elementor-column elementor-col-50 elementor-inner-column elementor-element elementor-element-549206d\" data-id=\"549206d\" data-element_type=\"column\" data-e-type=\"column\">\n\t\t\t<div class=\"elementor-widget-wrap elementor-element-populated\">\n\t\t\t\t\t\t<div class=\"elementor-element elementor-element-f63d6c3 elementor-widget elementor-widget-image\" data-id=\"f63d6c3\" data-element_type=\"widget\" data-e-type=\"widget\" data-widget_type=\"image.default\">\n\t\t\t\t<div class=\"elementor-widget-container\">\n\t\t\t\t\t\t\t\t\t\t\t\t\t\t\t\t<a href=\"https:\/\/triathlondesaintraphael.fr\/wp-content\/uploads\/2023\/07\/Capture-decran-2023-07-27-104751.png\" data-elementor-open-lightbox=\"yes\" data-elementor-lightbox-title=\"COURSE \u00c0 PIED Aquathlon JEUNE 1\" data-e-action-hash=\"#elementor-action%3Aaction%3Dlightbox%26settings%3DeyJpZCI6Mzg5MDkyLCJ1cmwiOiJodHRwczpcL1wvdHJpYXRobG9uZGVzYWludHJhcGhhZWwuZnJcL3dwLWNvbnRlbnRcL3VwbG9hZHNcLzIwMjNcLzA3XC9DYXB0dXJlLWRlY3Jhbi0yMDIzLTA3LTI3LTEwNDc1MS5wbmcifQ%3D%3D\">\n\t\t\t\t\t\t\t<img loading=\"lazy\" decoding=\"async\" width=\"1082\" height=\"644\" src=\"https:\/\/triathlondesaintraphael.fr\/wp-content\/uploads\/2023\/07\/Capture-decran-2023-07-27-104751.png\" class=\"attachment-full size-full wp-image-389092\" alt=\"\" srcset=\"https:\/\/triathlondesaintraphael.fr\/wp-content\/uploads\/2023\/07\/Capture-decran-2023-07-27-104751.png 1082w, https:\/\/triathlondesaintraphael.fr\/wp-content\/uploads\/2023\/07\/Capture-decran-2023-07-27-104751-300x179.png 300w, https:\/\/triathlondesaintraphael.fr\/wp-content\/uploads\/2023\/07\/Capture-decran-2023-07-27-104751-1024x609.png 1024w, https:\/\/triathlondesaintraphael.fr\/wp-content\/uploads\/2023\/07\/Capture-decran-2023-07-27-104751-768x457.png 768w, https:\/\/triathlondesaintraphael.fr\/wp-content\/uploads\/2023\/07\/Capture-decran-2023-07-27-104751-18x12.png 18w\" sizes=\"(max-width: 1082px) 100vw, 1082px\" \/>\t\t\t\t\t\t\t\t<\/a>\n\t\t\t\t\t\t\t\t\t\t\t\t\t\t\t<\/div>\n\t\t\t\t<\/div>\n\t\t\t\t<div class=\"elementor-element elementor-element-7fcaa1b elementor-widget elementor-widget-text-editor\" data-id=\"7fcaa1b\" data-element_type=\"widget\" data-e-type=\"widget\" data-widget_type=\"text-editor.default\">\n\t\t\t\t<div class=\"elementor-widget-container\">\n\t\t\t\t\t\t\t\t\t<p><a href=\"https:\/\/www.openrunner.com\/route-details\/16789207\" target=\"_blank\" rel=\"noopener\">Voir le trac\u00e9 du parcours COURSE \u00c0 PIED Aquathlon GIOVANE 1 sur Openrunner<\/a><\/p>\t\t\t\t\t\t\t\t<\/div>\n\t\t\t\t<\/div>\n\t\t\t\t\t<\/div>\n\t\t<\/div>\n\t\t\t\t\t<\/div>\n\t\t<\/section>\n\t\t\t\t<section class=\"elementor-section elementor-inner-section elementor-element elementor-element-476f7d9 elementor-section-full_width elementor-section-height-default elementor-section-height-default\" data-id=\"476f7d9\" data-element_type=\"section\" data-e-type=\"section\" data-settings=\"{&quot;_ha_eqh_enable&quot;:false}\">\n\t\t\t\t\t\t<div class=\"elementor-container elementor-column-gap-default\">\n\t\t\t\t\t<div class=\"elementor-column elementor-col-100 elementor-inner-column elementor-element elementor-element-2826582\" data-id=\"2826582\" data-element_type=\"column\" data-e-type=\"column\">\n\t\t\t<div class=\"elementor-widget-wrap elementor-element-populated\">\n\t\t\t\t\t\t<div class=\"elementor-element elementor-element-ea1f710 elementor-widget-divider--view-line_text elementor-widget-divider--element-align-left elementor-widget elementor-widget-divider\" data-id=\"ea1f710\" data-element_type=\"widget\" data-e-type=\"widget\" data-widget_type=\"divider.default\">\n\t\t\t\t<div class=\"elementor-widget-container\">\n\t\t\t\t\t\t\t<div class=\"elementor-divider\">\n\t\t\t<span class=\"elementor-divider-separator\">\n\t\t\t\t\t\t\t<h4 class=\"elementor-divider__text elementor-divider__element\">\n\t\t\t\tPERCORSO GIOVANI 2\t\t\t\t<\/h4>\n\t\t\t\t\t\t<\/span>\n\t\t<\/div>\n\t\t\t\t\t\t<\/div>\n\t\t\t\t<\/div>\n\t\t\t\t\t<\/div>\n\t\t<\/div>\n\t\t\t\t\t<\/div>\n\t\t<\/section>\n\t\t\t\t<section class=\"elementor-section elementor-inner-section elementor-element elementor-element-cbbc5e1 elementor-section-full_width elementor-section-height-default elementor-section-height-default\" data-id=\"cbbc5e1\" data-element_type=\"section\" data-e-type=\"section\" data-settings=\"{&quot;_ha_eqh_enable&quot;:false}\">\n\t\t\t\t\t\t<div class=\"elementor-container elementor-column-gap-default\">\n\t\t\t\t\t<div class=\"elementor-column elementor-col-50 elementor-inner-column elementor-element elementor-element-e474ff8\" data-id=\"e474ff8\" data-element_type=\"column\" data-e-type=\"column\">\n\t\t\t<div class=\"elementor-widget-wrap elementor-element-populated\">\n\t\t\t\t\t\t<div class=\"elementor-element elementor-element-7e086ea elementor-widget elementor-widget-image\" data-id=\"7e086ea\" data-element_type=\"widget\" data-e-type=\"widget\" data-widget_type=\"image.default\">\n\t\t\t\t<div class=\"elementor-widget-container\">\n\t\t\t\t\t\t\t\t\t\t\t\t\t\t\t\t<a href=\"https:\/\/triathlondesaintraphael.fr\/wp-content\/uploads\/2023\/07\/Capture-decran-2023-07-27-103220.png\" data-elementor-open-lightbox=\"yes\" data-elementor-lightbox-title=\"NATATION Aquathlon JEUNE 2\" data-elementor-lightbox-description=\"Tout le programme aquathlon en d\u00e9tail du Triathlon de Saint-Rapha\u00ebl by Roxim : retrait des dossards, parcours S et parcours M\u2026\" data-e-action-hash=\"#elementor-action%3Aaction%3Dlightbox%26settings%3DeyJpZCI6Mzg4OTU2LCJ1cmwiOiJodHRwczpcL1wvdHJpYXRobG9uZGVzYWludHJhcGhhZWwuZnJcL3dwLWNvbnRlbnRcL3VwbG9hZHNcLzIwMjNcLzA3XC9DYXB0dXJlLWRlY3Jhbi0yMDIzLTA3LTI3LTEwMzIyMC5wbmcifQ%3D%3D\">\n\t\t\t\t\t\t\t<img loading=\"lazy\" decoding=\"async\" width=\"987\" height=\"585\" src=\"https:\/\/triathlondesaintraphael.fr\/wp-content\/uploads\/2023\/07\/Capture-decran-2023-07-27-103220.png\" class=\"attachment-full size-full wp-image-388956\" alt=\"Tout le programme aquathlon en d\u00e9tail du Triathlon de Saint-Rapha\u00ebl by Roxim : retrait des dossards, parcours S et parcours M\u2026\" srcset=\"https:\/\/triathlondesaintraphael.fr\/wp-content\/uploads\/2023\/07\/Capture-decran-2023-07-27-103220.png 987w, https:\/\/triathlondesaintraphael.fr\/wp-content\/uploads\/2023\/07\/Capture-decran-2023-07-27-103220-300x178.png 300w, https:\/\/triathlondesaintraphael.fr\/wp-content\/uploads\/2023\/07\/Capture-decran-2023-07-27-103220-768x455.png 768w, https:\/\/triathlondesaintraphael.fr\/wp-content\/uploads\/2023\/07\/Capture-decran-2023-07-27-103220-18x12.png 18w\" sizes=\"(max-width: 987px) 100vw, 987px\" \/>\t\t\t\t\t\t\t\t<\/a>\n\t\t\t\t\t\t\t\t\t\t\t\t\t\t\t<\/div>\n\t\t\t\t<\/div>\n\t\t\t\t<div class=\"elementor-element elementor-element-076dcb3 elementor-widget elementor-widget-text-editor\" data-id=\"076dcb3\" data-element_type=\"widget\" data-e-type=\"widget\" data-widget_type=\"text-editor.default\">\n\t\t\t\t<div class=\"elementor-widget-container\">\n\t\t\t\t\t\t\t\t\t<p><a href=\"https:\/\/www.openrunner.com\/route-details\/16770563\" target=\"_blank\" rel=\"noopener\">Guarda il percorso del corso SWIMMING Aquathlon GIOVANE 2 su Openrunner<\/a><\/p>\t\t\t\t\t\t\t\t<\/div>\n\t\t\t\t<\/div>\n\t\t\t\t\t<\/div>\n\t\t<\/div>\n\t\t\t\t<div class=\"elementor-column elementor-col-50 elementor-inner-column elementor-element elementor-element-e3d3a53\" data-id=\"e3d3a53\" data-element_type=\"column\" data-e-type=\"column\">\n\t\t\t<div class=\"elementor-widget-wrap elementor-element-populated\">\n\t\t\t\t\t\t<div class=\"elementor-element elementor-element-033fd9c elementor-widget elementor-widget-image\" data-id=\"033fd9c\" data-element_type=\"widget\" data-e-type=\"widget\" data-widget_type=\"image.default\">\n\t\t\t\t<div class=\"elementor-widget-container\">\n\t\t\t\t\t\t\t\t\t\t\t\t\t\t\t\t<a href=\"https:\/\/triathlondesaintraphael.fr\/wp-content\/uploads\/2023\/07\/Capture-decran-2023-07-27-105108.png\" data-elementor-open-lightbox=\"yes\" data-elementor-lightbox-title=\"COURSE \u00c0 PIED Aquathlon JEUNE 2\" data-elementor-lightbox-description=\"Tout le programme aquathlon en d\u00e9tail du Triathlon de Saint-Rapha\u00ebl by Roxim : retrait des dossards, parcours S et parcours M\u2026\" data-e-action-hash=\"#elementor-action%3Aaction%3Dlightbox%26settings%3DeyJpZCI6Mzg5MTAwLCJ1cmwiOiJodHRwczpcL1wvdHJpYXRobG9uZGVzYWludHJhcGhhZWwuZnJcL3dwLWNvbnRlbnRcL3VwbG9hZHNcLzIwMjNcLzA3XC9DYXB0dXJlLWRlY3Jhbi0yMDIzLTA3LTI3LTEwNTEwOC5wbmcifQ%3D%3D\">\n\t\t\t\t\t\t\t<img loading=\"lazy\" decoding=\"async\" width=\"1231\" height=\"730\" src=\"https:\/\/triathlondesaintraphael.fr\/wp-content\/uploads\/2023\/07\/Capture-decran-2023-07-27-105108.png\" class=\"attachment-full size-full wp-image-389100\" alt=\"Tout le programme aquathlon en d\u00e9tail du Triathlon de Saint-Rapha\u00ebl by Roxim : retrait des dossards, parcours S et parcours M\u2026\" srcset=\"https:\/\/triathlondesaintraphael.fr\/wp-content\/uploads\/2023\/07\/Capture-decran-2023-07-27-105108.png 1231w, https:\/\/triathlondesaintraphael.fr\/wp-content\/uploads\/2023\/07\/Capture-decran-2023-07-27-105108-300x178.png 300w, https:\/\/triathlondesaintraphael.fr\/wp-content\/uploads\/2023\/07\/Capture-decran-2023-07-27-105108-1024x607.png 1024w, https:\/\/triathlondesaintraphael.fr\/wp-content\/uploads\/2023\/07\/Capture-decran-2023-07-27-105108-768x455.png 768w, https:\/\/triathlondesaintraphael.fr\/wp-content\/uploads\/2023\/07\/Capture-decran-2023-07-27-105108-18x12.png 18w\" sizes=\"(max-width: 1231px) 100vw, 1231px\" \/>\t\t\t\t\t\t\t\t<\/a>\n\t\t\t\t\t\t\t\t\t\t\t\t\t\t\t<\/div>\n\t\t\t\t<\/div>\n\t\t\t\t<div class=\"elementor-element elementor-element-72b0ed2 elementor-widget elementor-widget-text-editor\" data-id=\"72b0ed2\" data-element_type=\"widget\" data-e-type=\"widget\" data-widget_type=\"text-editor.default\">\n\t\t\t\t<div class=\"elementor-widget-container\">\n\t\t\t\t\t\t\t\t\t<p><a href=\"https:\/\/www.openrunner.com\/route-details\/16770130\" target=\"_blank\" rel=\"noopener\">Guarda il percorso del COURSE \u00c0 PEDURE Aquathlon GIOVANE 2 su Openrunner<\/a><\/p>\t\t\t\t\t\t\t\t<\/div>\n\t\t\t\t<\/div>\n\t\t\t\t\t<\/div>\n\t\t<\/div>\n\t\t\t\t\t<\/div>\n\t\t<\/section>\n\t\t\t\t<section class=\"elementor-section elementor-inner-section elementor-element elementor-element-ae55b9b elementor-section-full_width elementor-section-height-default elementor-section-height-default\" data-id=\"ae55b9b\" data-element_type=\"section\" data-e-type=\"section\" data-settings=\"{&quot;_ha_eqh_enable&quot;:false}\">\n\t\t\t\t\t\t<div class=\"elementor-container elementor-column-gap-default\">\n\t\t\t\t\t<div class=\"elementor-column elementor-col-100 elementor-inner-column elementor-element elementor-element-7515a95\" data-id=\"7515a95\" data-element_type=\"column\" data-e-type=\"column\">\n\t\t\t<div class=\"elementor-widget-wrap elementor-element-populated\">\n\t\t\t\t\t\t<div class=\"elementor-element elementor-element-cc783a2 elementor-widget-divider--view-line_text elementor-widget-divider--element-align-left elementor-widget elementor-widget-divider\" data-id=\"cc783a2\" data-element_type=\"widget\" data-e-type=\"widget\" data-widget_type=\"divider.default\">\n\t\t\t\t<div class=\"elementor-widget-container\">\n\t\t\t\t\t\t\t<div class=\"elementor-divider\">\n\t\t\t<span class=\"elementor-divider-separator\">\n\t\t\t\t\t\t\t<h4 class=\"elementor-divider__text elementor-divider__element\">\n\t\t\t\tPERCORSO GIOVANI XS\t\t\t\t<\/h4>\n\t\t\t\t\t\t<\/span>\n\t\t<\/div>\n\t\t\t\t\t\t<\/div>\n\t\t\t\t<\/div>\n\t\t\t\t\t<\/div>\n\t\t<\/div>\n\t\t\t\t\t<\/div>\n\t\t<\/section>\n\t\t\t\t<section class=\"elementor-section elementor-inner-section elementor-element elementor-element-9de8e24 elementor-section-full_width elementor-section-height-default elementor-section-height-default\" data-id=\"9de8e24\" data-element_type=\"section\" data-e-type=\"section\" data-settings=\"{&quot;_ha_eqh_enable&quot;:false}\">\n\t\t\t\t\t\t<div class=\"elementor-container elementor-column-gap-default\">\n\t\t\t\t\t<div class=\"elementor-column elementor-col-50 elementor-inner-column elementor-element elementor-element-5937a41\" data-id=\"5937a41\" data-element_type=\"column\" data-e-type=\"column\">\n\t\t\t<div class=\"elementor-widget-wrap elementor-element-populated\">\n\t\t\t\t\t\t<div class=\"elementor-element elementor-element-324d21e elementor-widget elementor-widget-image\" data-id=\"324d21e\" data-element_type=\"widget\" data-e-type=\"widget\" data-widget_type=\"image.default\">\n\t\t\t\t<div class=\"elementor-widget-container\">\n\t\t\t\t\t\t\t\t\t\t\t\t\t\t\t\t<a href=\"https:\/\/triathlondesaintraphael.fr\/wp-content\/uploads\/2023\/07\/Capture-decran-2023-07-27-103353.png\" data-elementor-open-lightbox=\"yes\" data-elementor-lightbox-title=\"NATATION Aquathlon XS\" data-e-action-hash=\"#elementor-action%3Aaction%3Dlightbox%26settings%3DeyJpZCI6Mzg4OTU3LCJ1cmwiOiJodHRwczpcL1wvdHJpYXRobG9uZGVzYWludHJhcGhhZWwuZnJcL3dwLWNvbnRlbnRcL3VwbG9hZHNcLzIwMjNcLzA3XC9DYXB0dXJlLWRlY3Jhbi0yMDIzLTA3LTI3LTEwMzM1My5wbmcifQ%3D%3D\">\n\t\t\t\t\t\t\t<img loading=\"lazy\" decoding=\"async\" width=\"983\" height=\"584\" src=\"https:\/\/triathlondesaintraphael.fr\/wp-content\/uploads\/2023\/07\/Capture-decran-2023-07-27-103353.png\" class=\"attachment-full size-full wp-image-388957\" alt=\"\" srcset=\"https:\/\/triathlondesaintraphael.fr\/wp-content\/uploads\/2023\/07\/Capture-decran-2023-07-27-103353.png 983w, https:\/\/triathlondesaintraphael.fr\/wp-content\/uploads\/2023\/07\/Capture-decran-2023-07-27-103353-300x178.png 300w, https:\/\/triathlondesaintraphael.fr\/wp-content\/uploads\/2023\/07\/Capture-decran-2023-07-27-103353-768x456.png 768w, https:\/\/triathlondesaintraphael.fr\/wp-content\/uploads\/2023\/07\/Capture-decran-2023-07-27-103353-18x12.png 18w\" sizes=\"(max-width: 983px) 100vw, 983px\" \/>\t\t\t\t\t\t\t\t<\/a>\n\t\t\t\t\t\t\t\t\t\t\t\t\t\t\t<\/div>\n\t\t\t\t<\/div>\n\t\t\t\t<div class=\"elementor-element elementor-element-4d85164 elementor-widget elementor-widget-text-editor\" data-id=\"4d85164\" data-element_type=\"widget\" data-e-type=\"widget\" data-widget_type=\"text-editor.default\">\n\t\t\t\t<div class=\"elementor-widget-container\">\n\t\t\t\t\t\t\t\t\t<p><a href=\"https:\/\/www.openrunner.com\/route-details\/16694946\" target=\"_blank\" rel=\"noopener\">Visualizza il tracciato del percorso NUOTO Aquathlon XS su Openrunner<\/a><\/p>\t\t\t\t\t\t\t\t<\/div>\n\t\t\t\t<\/div>\n\t\t\t\t\t<\/div>\n\t\t<\/div>\n\t\t\t\t<div class=\"elementor-column elementor-col-50 elementor-inner-column elementor-element elementor-element-217d1cb\" data-id=\"217d1cb\" data-element_type=\"column\" data-e-type=\"column\">\n\t\t\t<div class=\"elementor-widget-wrap elementor-element-populated\">\n\t\t\t\t\t\t<div class=\"elementor-element elementor-element-0a8dccc elementor-widget elementor-widget-image\" data-id=\"0a8dccc\" data-element_type=\"widget\" data-e-type=\"widget\" data-widget_type=\"image.default\">\n\t\t\t\t<div class=\"elementor-widget-container\">\n\t\t\t\t\t\t\t\t\t\t\t\t\t\t\t\t<a href=\"https:\/\/triathlondesaintraphael.fr\/wp-content\/uploads\/2023\/07\/Capture-decran-2023-07-27-105950.png\" data-elementor-open-lightbox=\"yes\" data-elementor-lightbox-title=\"COURSE \u00c0 PIED Aquathlon XS\" data-e-action-hash=\"#elementor-action%3Aaction%3Dlightbox%26settings%3DeyJpZCI6Mzg5MTA1LCJ1cmwiOiJodHRwczpcL1wvdHJpYXRobG9uZGVzYWludHJhcGhhZWwuZnJcL3dwLWNvbnRlbnRcL3VwbG9hZHNcLzIwMjNcLzA3XC9DYXB0dXJlLWRlY3Jhbi0yMDIzLTA3LTI3LTEwNTk1MC5wbmcifQ%3D%3D\">\n\t\t\t\t\t\t\t<img loading=\"lazy\" decoding=\"async\" width=\"1230\" height=\"730\" src=\"https:\/\/triathlondesaintraphael.fr\/wp-content\/uploads\/2023\/07\/Capture-decran-2023-07-27-105950.png\" class=\"attachment-full size-full wp-image-389105\" alt=\"\" srcset=\"https:\/\/triathlondesaintraphael.fr\/wp-content\/uploads\/2023\/07\/Capture-decran-2023-07-27-105950.png 1230w, https:\/\/triathlondesaintraphael.fr\/wp-content\/uploads\/2023\/07\/Capture-decran-2023-07-27-105950-300x178.png 300w, https:\/\/triathlondesaintraphael.fr\/wp-content\/uploads\/2023\/07\/Capture-decran-2023-07-27-105950-1024x608.png 1024w, https:\/\/triathlondesaintraphael.fr\/wp-content\/uploads\/2023\/07\/Capture-decran-2023-07-27-105950-768x456.png 768w, https:\/\/triathlondesaintraphael.fr\/wp-content\/uploads\/2023\/07\/Capture-decran-2023-07-27-105950-18x12.png 18w\" sizes=\"(max-width: 1230px) 100vw, 1230px\" \/>\t\t\t\t\t\t\t\t<\/a>\n\t\t\t\t\t\t\t\t\t\t\t\t\t\t\t<\/div>\n\t\t\t\t<\/div>\n\t\t\t\t<div class=\"elementor-element elementor-element-1be47a6 elementor-widget elementor-widget-text-editor\" data-id=\"1be47a6\" data-element_type=\"widget\" data-e-type=\"widget\" data-widget_type=\"text-editor.default\">\n\t\t\t\t<div class=\"elementor-widget-container\">\n\t\t\t\t\t\t\t\t\t<p><a href=\"https:\/\/www.openrunner.com\/route-details\/16789081\" target=\"_blank\" rel=\"noopener\">Guarda il percorso del percorso Aquathlon XS RUNNING su Openrunner<\/a><\/p>\t\t\t\t\t\t\t\t<\/div>\n\t\t\t\t<\/div>\n\t\t\t\t\t<\/div>\n\t\t<\/div>\n\t\t\t\t\t<\/div>\n\t\t<\/section>\n\t\t\t\t<section class=\"elementor-section elementor-inner-section elementor-element elementor-element-b523f94 elementor-section-full_width elementor-section-height-default elementor-section-height-default\" data-id=\"b523f94\" data-element_type=\"section\" data-e-type=\"section\" data-settings=\"{&quot;_ha_eqh_enable&quot;:false}\">\n\t\t\t\t\t\t<div class=\"elementor-container elementor-column-gap-default\">\n\t\t\t\t\t<div class=\"elementor-column elementor-col-100 elementor-inner-column elementor-element elementor-element-942a0a7\" data-id=\"942a0a7\" data-element_type=\"column\" data-e-type=\"column\">\n\t\t\t<div class=\"elementor-widget-wrap elementor-element-populated\">\n\t\t\t\t\t\t<div class=\"elementor-element elementor-element-7c5bdcb elementor-widget-divider--view-line_text elementor-widget-divider--element-align-left elementor-widget elementor-widget-divider\" data-id=\"7c5bdcb\" data-element_type=\"widget\" data-e-type=\"widget\" data-widget_type=\"divider.default\">\n\t\t\t\t<div class=\"elementor-widget-container\">\n\t\t\t\t\t\t\t<div class=\"elementor-divider\">\n\t\t\t<span class=\"elementor-divider-separator\">\n\t\t\t\t\t\t\t<h4 class=\"elementor-divider__text elementor-divider__element\">\n\t\t\t\tPERCORSO GIOVANI\t\t\t\t<\/h4>\n\t\t\t\t\t\t<\/span>\n\t\t<\/div>\n\t\t\t\t\t\t<\/div>\n\t\t\t\t<\/div>\n\t\t\t\t\t<\/div>\n\t\t<\/div>\n\t\t\t\t\t<\/div>\n\t\t<\/section>\n\t\t\t\t<section class=\"elementor-section elementor-inner-section elementor-element elementor-element-da65826 elementor-section-full_width elementor-section-height-default elementor-section-height-default\" data-id=\"da65826\" data-element_type=\"section\" data-e-type=\"section\" data-settings=\"{&quot;_ha_eqh_enable&quot;:false}\">\n\t\t\t\t\t\t<div class=\"elementor-container elementor-column-gap-default\">\n\t\t\t\t\t<div class=\"elementor-column elementor-col-50 elementor-inner-column elementor-element elementor-element-4cc1dfd\" data-id=\"4cc1dfd\" data-element_type=\"column\" data-e-type=\"column\">\n\t\t\t<div class=\"elementor-widget-wrap elementor-element-populated\">\n\t\t\t\t\t\t<div class=\"elementor-element elementor-element-592ee39 elementor-widget elementor-widget-image\" data-id=\"592ee39\" data-element_type=\"widget\" data-e-type=\"widget\" data-widget_type=\"image.default\">\n\t\t\t\t<div class=\"elementor-widget-container\">\n\t\t\t\t\t\t\t\t\t\t\t\t\t\t\t\t<a href=\"https:\/\/triathlondesaintraphael.fr\/wp-content\/uploads\/2023\/07\/Capture-decran-2023-07-27-103502.png\" data-elementor-open-lightbox=\"yes\" data-elementor-lightbox-title=\"NATATION Aquathlon S\" data-elementor-lightbox-description=\"Tout le programme aquathlon en d\u00e9tail du Triathlon de Saint-Rapha\u00ebl by Roxim : retrait des dossards, parcours S et parcours M\u2026\" data-e-action-hash=\"#elementor-action%3Aaction%3Dlightbox%26settings%3DeyJpZCI6Mzg4OTU5LCJ1cmwiOiJodHRwczpcL1wvdHJpYXRobG9uZGVzYWludHJhcGhhZWwuZnJcL3dwLWNvbnRlbnRcL3VwbG9hZHNcLzIwMjNcLzA3XC9DYXB0dXJlLWRlY3Jhbi0yMDIzLTA3LTI3LTEwMzUwMi5wbmcifQ%3D%3D\">\n\t\t\t\t\t\t\t<img loading=\"lazy\" decoding=\"async\" width=\"985\" height=\"580\" src=\"https:\/\/triathlondesaintraphael.fr\/wp-content\/uploads\/2023\/07\/Capture-decran-2023-07-27-103502.png\" class=\"attachment-full size-full wp-image-388959\" alt=\"Tout le programme aquathlon en d\u00e9tail du Triathlon de Saint-Rapha\u00ebl by Roxim : retrait des dossards, parcours S et parcours M\u2026\" srcset=\"https:\/\/triathlondesaintraphael.fr\/wp-content\/uploads\/2023\/07\/Capture-decran-2023-07-27-103502.png 985w, https:\/\/triathlondesaintraphael.fr\/wp-content\/uploads\/2023\/07\/Capture-decran-2023-07-27-103502-300x177.png 300w, https:\/\/triathlondesaintraphael.fr\/wp-content\/uploads\/2023\/07\/Capture-decran-2023-07-27-103502-768x452.png 768w, https:\/\/triathlondesaintraphael.fr\/wp-content\/uploads\/2023\/07\/Capture-decran-2023-07-27-103502-18x12.png 18w\" sizes=\"(max-width: 985px) 100vw, 985px\" \/>\t\t\t\t\t\t\t\t<\/a>\n\t\t\t\t\t\t\t\t\t\t\t\t\t\t\t<\/div>\n\t\t\t\t<\/div>\n\t\t\t\t<div class=\"elementor-element elementor-element-b85de75 elementor-widget elementor-widget-text-editor\" data-id=\"b85de75\" data-element_type=\"widget\" data-e-type=\"widget\" data-widget_type=\"text-editor.default\">\n\t\t\t\t<div class=\"elementor-widget-container\">\n\t\t\t\t\t\t\t\t\t<p><a href=\"https:\/\/www.openrunner.com\/route-details\/16789483\" target=\"_blank\" rel=\"noopener\">Guarda il percorso del corso di NUOTO Aquathlon S su Openrunner<\/a><\/p>\t\t\t\t\t\t\t\t<\/div>\n\t\t\t\t<\/div>\n\t\t\t\t\t<\/div>\n\t\t<\/div>\n\t\t\t\t<div class=\"elementor-column elementor-col-50 elementor-inner-column elementor-element elementor-element-895bb8d\" data-id=\"895bb8d\" data-element_type=\"column\" data-e-type=\"column\">\n\t\t\t<div class=\"elementor-widget-wrap elementor-element-populated\">\n\t\t\t\t\t\t<div class=\"elementor-element elementor-element-d8e227d elementor-widget elementor-widget-image\" data-id=\"d8e227d\" data-element_type=\"widget\" data-e-type=\"widget\" data-widget_type=\"image.default\">\n\t\t\t\t<div class=\"elementor-widget-container\">\n\t\t\t\t\t\t\t\t\t\t\t\t\t\t\t\t<a href=\"https:\/\/triathlondesaintraphael.fr\/wp-content\/uploads\/2023\/07\/Capture-decran-2023-07-27-110204.png\" data-elementor-open-lightbox=\"yes\" data-elementor-lightbox-title=\"COURSE \u00c0 PIED Aquathlon S\" data-e-action-hash=\"#elementor-action%3Aaction%3Dlightbox%26settings%3DeyJpZCI6Mzg5MTA2LCJ1cmwiOiJodHRwczpcL1wvdHJpYXRobG9uZGVzYWludHJhcGhhZWwuZnJcL3dwLWNvbnRlbnRcL3VwbG9hZHNcLzIwMjNcLzA3XC9DYXB0dXJlLWRlY3Jhbi0yMDIzLTA3LTI3LTExMDIwNC5wbmcifQ%3D%3D\">\n\t\t\t\t\t\t\t<img loading=\"lazy\" decoding=\"async\" width=\"1231\" height=\"729\" src=\"https:\/\/triathlondesaintraphael.fr\/wp-content\/uploads\/2023\/07\/Capture-decran-2023-07-27-110204.png\" class=\"attachment-full size-full wp-image-389106\" alt=\"\" srcset=\"https:\/\/triathlondesaintraphael.fr\/wp-content\/uploads\/2023\/07\/Capture-decran-2023-07-27-110204.png 1231w, https:\/\/triathlondesaintraphael.fr\/wp-content\/uploads\/2023\/07\/Capture-decran-2023-07-27-110204-300x178.png 300w, https:\/\/triathlondesaintraphael.fr\/wp-content\/uploads\/2023\/07\/Capture-decran-2023-07-27-110204-1024x606.png 1024w, https:\/\/triathlondesaintraphael.fr\/wp-content\/uploads\/2023\/07\/Capture-decran-2023-07-27-110204-768x455.png 768w, https:\/\/triathlondesaintraphael.fr\/wp-content\/uploads\/2023\/07\/Capture-decran-2023-07-27-110204-18x12.png 18w\" sizes=\"(max-width: 1231px) 100vw, 1231px\" \/>\t\t\t\t\t\t\t\t<\/a>\n\t\t\t\t\t\t\t\t\t\t\t\t\t\t\t<\/div>\n\t\t\t\t<\/div>\n\t\t\t\t<div class=\"elementor-element elementor-element-ca7e253 elementor-widget elementor-widget-text-editor\" data-id=\"ca7e253\" data-element_type=\"widget\" data-e-type=\"widget\" data-widget_type=\"text-editor.default\">\n\t\t\t\t<div class=\"elementor-widget-container\">\n\t\t\t\t\t\t\t\t\t<p><a href=\"https:\/\/www.openrunner.com\/route-details\/16768969\" target=\"_blank\" rel=\"noopener\">Guarda il percorso del percorso Aquathlon S RUNNING su Openrunner<\/a><\/p>\t\t\t\t\t\t\t\t<\/div>\n\t\t\t\t<\/div>\n\t\t\t\t\t<\/div>\n\t\t<\/div>\n\t\t\t\t\t<\/div>\n\t\t<\/section>\n\t\t\t\t\t<\/div>\n\t\t<\/div>\n\t\t\t\t\t<\/div>\n\t\t<\/section>\n\t\t\t\t<section class=\"elementor-section elementor-top-section elementor-element elementor-element-6b33cee elementor-section-full_width elementor-section-height-default elementor-section-height-default\" data-id=\"6b33cee\" data-element_type=\"section\" data-e-type=\"section\" data-settings=\"{&quot;background_background&quot;:&quot;classic&quot;,&quot;_ha_eqh_enable&quot;:false}\">\n\t\t\t\t\t\t<div class=\"elementor-container elementor-column-gap-default\">\n\t\t\t\t\t<div class=\"elementor-column elementor-col-100 elementor-top-column elementor-element elementor-element-fc86796\" data-id=\"fc86796\" data-element_type=\"column\" data-e-type=\"column\">\n\t\t\t<div class=\"elementor-widget-wrap elementor-element-populated\">\n\t\t\t\t\t\t<div class=\"elementor-element elementor-element-8b473c7 elementor-widget elementor-widget-spacer\" data-id=\"8b473c7\" data-element_type=\"widget\" data-e-type=\"widget\" data-widget_type=\"spacer.default\">\n\t\t\t\t<div class=\"elementor-widget-container\">\n\t\t\t\t\t\t\t<div class=\"elementor-spacer\">\n\t\t\t<div class=\"elementor-spacer-inner\"><\/div>\n\t\t<\/div>\n\t\t\t\t\t\t<\/div>\n\t\t\t\t<\/div>\n\t\t\t\t\t<\/div>\n\t\t<\/div>\n\t\t\t\t\t<\/div>\n\t\t<\/section>\n\t\t\t\t<\/div>","protected":false},"excerpt":{"rendered":"<p>SABATO 19 SETTEMBRE (POMERIGGIO) \u2013 AQUATHLON GIOVANI BY AIRBNB Gara Giovani in parallelo al T100 Est\u00e9rel C\u00f4te d\u2019Azur Dalle 15:00 alle 17:00, spazio ai 6-15 anni per la loro prova tra la spiaggia del Veillat e i Giardini Bonaparte, con arrivo sotto il traguardo, come i professionisti. Iscrizione gratuita, individuale o a staffetta. Iscrizioni online fino a...<\/p>","protected":false},"author":2,"featured_media":474690,"parent":0,"menu_order":0,"comment_status":"closed","ping_status":"closed","template":"","meta":{"footnotes":""},"class_list":["post-285127","page","type-page","status-publish","has-post-thumbnail","hentry"],"yoast_head":"<!-- This site is optimized with the Yoast SEO plugin v28.3 - https:\/\/yoast.com\/product\/yoast-seo-wordpress\/ -->\n<title>Aquathlon enfants du Triathlon de Saint-Rapha\u00ebl by Roxim<\/title>\n<meta name=\"description\" content=\"Tout le programme aquathlon en d\u00e9tail du Triathlon de Saint-Rapha\u00ebl by Roxim : retrait des dossards, parcours S et parcours M\u2026\" \/>\n<meta name=\"robots\" content=\"index, follow, max-snippet:-1, max-image-preview:large, max-video-preview:-1\" \/>\n<link rel=\"canonical\" href=\"https:\/\/triathlondesaintraphael.fr\/it\/aquathlon-enfants\/\" \/>\n<meta property=\"og:locale\" content=\"it_IT\" \/>\n<meta property=\"og:type\" content=\"article\" \/>\n<meta property=\"og:title\" content=\"Aquathlon enfants du Triathlon de Saint-Rapha\u00ebl by Roxim\" \/>\n<meta property=\"og:description\" content=\"Tout le programme aquathlon en d\u00e9tail du Triathlon de Saint-Rapha\u00ebl by Roxim : retrait des dossards, parcours S et parcours M\u2026\" \/>\n<meta property=\"og:url\" content=\"https:\/\/triathlondesaintraphael.fr\/it\/aquathlon-enfants\/\" \/>\n<meta property=\"article:publisher\" content=\"https:\/\/www.facebook.com\/TriathlonDeSaintRaphael\/\" \/>\n<meta property=\"article:modified_time\" content=\"2026-08-31T08:04:53+00:00\" \/>\n<meta property=\"og:image\" content=\"https:\/\/triathlondesaintraphael.fr\/wp-content\/uploads\/2024\/03\/triathlon-aquathlon-2023-referencement-.webp\" \/>\n\t<meta property=\"og:image:width\" content=\"700\" \/>\n\t<meta property=\"og:image:height\" content=\"353\" \/>\n\t<meta property=\"og:image:type\" content=\"image\/webp\" \/>\n<meta name=\"twitter:label1\" content=\"Tempo di lettura stimato\" \/>\n\t<meta name=\"twitter:data1\" content=\"6 minuti\" \/>\n<script type=\"application\/ld+json\" class=\"yoast-schema-graph\">{\"@context\":\"https:\\\/\\\/schema.org\",\"@graph\":[{\"@type\":\"WebPage\",\"@id\":\"https:\\\/\\\/triathlondesaintraphael.fr\\\/aquathlon-enfants\\\/\",\"url\":\"https:\\\/\\\/triathlondesaintraphael.fr\\\/aquathlon-enfants\\\/\",\"name\":\"Aquathlon enfants du Triathlon de Saint-Rapha\u00ebl by Roxim\",\"isPartOf\":{\"@id\":\"https:\\\/\\\/triathlondesaintraphael.fr\\\/#website\"},\"primaryImageOfPage\":{\"@id\":\"https:\\\/\\\/triathlondesaintraphael.fr\\\/aquathlon-enfants\\\/#primaryimage\"},\"image\":{\"@id\":\"https:\\\/\\\/triathlondesaintraphael.fr\\\/aquathlon-enfants\\\/#primaryimage\"},\"thumbnailUrl\":\"https:\\\/\\\/triathlondesaintraphael.fr\\\/wp-content\\\/uploads\\\/2024\\\/03\\\/triathlon-aquathlon-2023-referencement-.webp\",\"datePublished\":\"2022-06-28T15:38:37+00:00\",\"dateModified\":\"2026-08-31T08:04:53+00:00\",\"description\":\"Tout le programme aquathlon en d\u00e9tail du Triathlon de Saint-Rapha\u00ebl by Roxim : retrait des dossards, parcours S et parcours M\u2026\",\"breadcrumb\":{\"@id\":\"https:\\\/\\\/triathlondesaintraphael.fr\\\/aquathlon-enfants\\\/#breadcrumb\"},\"inLanguage\":\"it-IT\",\"potentialAction\":[{\"@type\":\"ReadAction\",\"target\":[\"https:\\\/\\\/triathlondesaintraphael.fr\\\/aquathlon-enfants\\\/\"]}]},{\"@type\":\"ImageObject\",\"inLanguage\":\"it-IT\",\"@id\":\"https:\\\/\\\/triathlondesaintraphael.fr\\\/aquathlon-enfants\\\/#primaryimage\",\"url\":\"https:\\\/\\\/triathlondesaintraphael.fr\\\/wp-content\\\/uploads\\\/2024\\\/03\\\/triathlon-aquathlon-2023-referencement-.webp\",\"contentUrl\":\"https:\\\/\\\/triathlondesaintraphael.fr\\\/wp-content\\\/uploads\\\/2024\\\/03\\\/triathlon-aquathlon-2023-referencement-.webp\",\"width\":700,\"height\":353,\"caption\":\"Tout le programme aquathlon en d\u00e9tail du Triathlon de Saint-Rapha\u00ebl by Roxim : retrait des dossards, parcours S et parcours M\u2026\"},{\"@type\":\"BreadcrumbList\",\"@id\":\"https:\\\/\\\/triathlondesaintraphael.fr\\\/aquathlon-enfants\\\/#breadcrumb\",\"itemListElement\":[{\"@type\":\"ListItem\",\"position\":1,\"name\":\"Accueil\",\"item\":\"https:\\\/\\\/triathlondesaintraphael.fr\\\/\"},{\"@type\":\"ListItem\",\"position\":2,\"name\":\"Aquathlon enfants\"}]},{\"@type\":\"WebSite\",\"@id\":\"https:\\\/\\\/triathlondesaintraphael.fr\\\/#website\",\"url\":\"https:\\\/\\\/triathlondesaintraphael.fr\\\/\",\"name\":\"\",\"description\":\"\",\"potentialAction\":[{\"@type\":\"SearchAction\",\"target\":{\"@type\":\"EntryPoint\",\"urlTemplate\":\"https:\\\/\\\/triathlondesaintraphael.fr\\\/?s={search_term_string}\"},\"query-input\":{\"@type\":\"PropertyValueSpecification\",\"valueRequired\":true,\"valueName\":\"search_term_string\"}}],\"inLanguage\":\"it-IT\"}]}<\/script>\n<!-- \/ Yoast SEO plugin. -->","yoast_head_json":{"title":"Aquathlon bambini del Triathlon di Saint-Rapha\u00ebl by Roxim","description":"Tutto il programma dell'aquathlon in dettaglio del Triathlon di Saint-Rapha\u00ebl by Roxim: ritiro dei pettorali, percorso S e percorso M\u2026","robots":{"index":"index","follow":"follow","max-snippet":"max-snippet:-1","max-image-preview":"max-image-preview:large","max-video-preview":"max-video-preview:-1"},"canonical":"https:\/\/triathlondesaintraphael.fr\/it\/aquathlon-enfants\/","og_locale":"it_IT","og_type":"article","og_title":"Aquathlon enfants du Triathlon de Saint-Rapha\u00ebl by Roxim","og_description":"Tout le programme aquathlon en d\u00e9tail du Triathlon de Saint-Rapha\u00ebl by Roxim : retrait des dossards, parcours S et parcours M\u2026","og_url":"https:\/\/triathlondesaintraphael.fr\/it\/aquathlon-enfants\/","article_publisher":"https:\/\/www.facebook.com\/TriathlonDeSaintRaphael\/","article_modified_time":"2026-08-31T08:04:53+00:00","og_image":[{"width":700,"height":353,"url":"https:\/\/triathlondesaintraphael.fr\/wp-content\/uploads\/2024\/03\/triathlon-aquathlon-2023-referencement-.webp","type":"image\/webp"}],"twitter_misc":{"Tempo di lettura stimato":"6 minuti"},"schema":{"@context":"https:\/\/schema.org","@graph":[{"@type":"WebPage","@id":"https:\/\/triathlondesaintraphael.fr\/aquathlon-enfants\/","url":"https:\/\/triathlondesaintraphael.fr\/aquathlon-enfants\/","name":"Aquathlon bambini del Triathlon di Saint-Rapha\u00ebl by Roxim","isPartOf":{"@id":"https:\/\/triathlondesaintraphael.fr\/#website"},"primaryImageOfPage":{"@id":"https:\/\/triathlondesaintraphael.fr\/aquathlon-enfants\/#primaryimage"},"image":{"@id":"https:\/\/triathlondesaintraphael.fr\/aquathlon-enfants\/#primaryimage"},"thumbnailUrl":"https:\/\/triathlondesaintraphael.fr\/wp-content\/uploads\/2024\/03\/triathlon-aquathlon-2023-referencement-.webp","datePublished":"2022-06-28T15:38:37+00:00","dateModified":"2026-08-31T08:04:53+00:00","description":"Tutto il programma dell'aquathlon in dettaglio del Triathlon di Saint-Rapha\u00ebl by Roxim: ritiro dei pettorali, percorso S e percorso M\u2026","breadcrumb":{"@id":"https:\/\/triathlondesaintraphael.fr\/aquathlon-enfants\/#breadcrumb"},"inLanguage":"it-IT","potentialAction":[{"@type":"ReadAction","target":["https:\/\/triathlondesaintraphael.fr\/aquathlon-enfants\/"]}]},{"@type":"ImageObject","inLanguage":"it-IT","@id":"https:\/\/triathlondesaintraphael.fr\/aquathlon-enfants\/#primaryimage","url":"https:\/\/triathlondesaintraphael.fr\/wp-content\/uploads\/2024\/03\/triathlon-aquathlon-2023-referencement-.webp","contentUrl":"https:\/\/triathlondesaintraphael.fr\/wp-content\/uploads\/2024\/03\/triathlon-aquathlon-2023-referencement-.webp","width":700,"height":353,"caption":"Tout le programme aquathlon en d\u00e9tail du Triathlon de Saint-Rapha\u00ebl by Roxim : retrait des dossards, parcours S et parcours M\u2026"},{"@type":"BreadcrumbList","@id":"https:\/\/triathlondesaintraphael.fr\/aquathlon-enfants\/#breadcrumb","itemListElement":[{"@type":"ListItem","position":1,"name":"Accueil","item":"https:\/\/triathlondesaintraphael.fr\/"},{"@type":"ListItem","position":2,"name":"Aquathlon enfants"}]},{"@type":"WebSite","@id":"https:\/\/triathlondesaintraphael.fr\/#website","url":"https:\/\/triathlondesaintraphael.fr\/","name":"","description":"","potentialAction":[{"@type":"SearchAction","target":{"@type":"EntryPoint","urlTemplate":"https:\/\/triathlondesaintraphael.fr\/?s={search_term_string}"},"query-input":{"@type":"PropertyValueSpecification","valueRequired":true,"valueName":"search_term_string"}}],"inLanguage":"it-IT"}]}},"_links":{"self":[{"href":"https:\/\/triathlondesaintraphael.fr\/it\/wp-json\/wp\/v2\/pages\/285127","targetHints":{"allow":["GET"]}}],"collection":[{"href":"https:\/\/triathlondesaintraphael.fr\/it\/wp-json\/wp\/v2\/pages"}],"about":[{"href":"https:\/\/triathlondesaintraphael.fr\/it\/wp-json\/wp\/v2\/types\/page"}],"author":[{"embeddable":true,"href":"https:\/\/triathlondesaintraphael.fr\/it\/wp-json\/wp\/v2\/users\/2"}],"replies":[{"embeddable":true,"href":"https:\/\/triathlondesaintraphael.fr\/it\/wp-json\/wp\/v2\/comments?post=285127"}],"version-history":[{"count":164,"href":"https:\/\/triathlondesaintraphael.fr\/it\/wp-json\/wp\/v2\/pages\/285127\/revisions"}],"predecessor-version":[{"id":893910,"href":"https:\/\/triathlondesaintraphael.fr\/it\/wp-json\/wp\/v2\/pages\/285127\/revisions\/893910"}],"wp:featuredmedia":[{"embeddable":true,"href":"https:\/\/triathlondesaintraphael.fr\/it\/wp-json\/wp\/v2\/media\/474690"}],"wp:attachment":[{"href":"https:\/\/triathlondesaintraphael.fr\/it\/wp-json\/wp\/v2\/media?parent=285127"}],"curies":[{"name":"wp","href":"https:\/\/api.w.org\/{rel}","templated":true}]}}