{"id":223533,"date":"2021-11-17T17:38:15","date_gmt":"2021-11-17T16:38:15","guid":{"rendered":"https:\/\/triathlondesaintraphael.fr\/?page_id=223533"},"modified":"2025-09-26T14:07:44","modified_gmt":"2025-09-26T13:07:44","slug":"galerie-photos","status":"publish","type":"page","link":"https:\/\/triathlondesaintraphael.fr\/it\/galerie-photos\/","title":{"rendered":"GALLERIA FOTOGRAFICA"},"content":{"rendered":"<div data-elementor-type=\"wp-page\" data-elementor-id=\"223533\" class=\"elementor elementor-223533\" data-elementor-settings=\"{&quot;ha_cmc_init_switcher&quot;:&quot;no&quot;}\">\n\t\t\t\t\t\t<section class=\"elementor-section elementor-top-section elementor-element elementor-element-e5f8982 elementor-section-full_width elementor-section-height-default elementor-section-height-default\" data-id=\"e5f8982\" data-element_type=\"section\" data-e-type=\"section\" data-settings=\"{&quot;background_background&quot;:&quot;classic&quot;,&quot;_ha_eqh_enable&quot;:false}\">\n\t\t\t\t\t\t<div class=\"elementor-container elementor-column-gap-default\">\n\t\t\t\t\t<div class=\"elementor-column elementor-col-100 elementor-top-column elementor-element elementor-element-e501e39\" data-id=\"e501e39\" data-element_type=\"column\" data-e-type=\"column\">\n\t\t\t<div class=\"elementor-widget-wrap elementor-element-populated\">\n\t\t\t\t\t\t<div class=\"elementor-element elementor-element-15a0d62 elementor-widget elementor-widget-spacer\" data-id=\"15a0d62\" data-element_type=\"widget\" data-e-type=\"widget\" data-widget_type=\"spacer.default\">\n\t\t\t\t<div class=\"elementor-widget-container\">\n\t\t\t\t\t\t\t<div class=\"elementor-spacer\">\n\t\t\t<div class=\"elementor-spacer-inner\"><\/div>\n\t\t<\/div>\n\t\t\t\t\t\t<\/div>\n\t\t\t\t<\/div>\n\t\t\t\t\t<\/div>\n\t\t<\/div>\n\t\t\t\t\t<\/div>\n\t\t<\/section>\n\t\t\t\t<section class=\"elementor-section elementor-top-section elementor-element elementor-element-1f896f3 elementor-section-full_width elementor-section-height-default elementor-section-height-default\" data-id=\"1f896f3\" data-element_type=\"section\" data-e-type=\"section\" data-settings=\"{&quot;background_background&quot;:&quot;classic&quot;,&quot;_ha_eqh_enable&quot;:false}\">\n\t\t\t\t\t\t<div class=\"elementor-container elementor-column-gap-default\">\n\t\t\t\t\t<div class=\"elementor-column elementor-col-100 elementor-top-column elementor-element elementor-element-4c49ed8\" data-id=\"4c49ed8\" data-element_type=\"column\" data-e-type=\"column\">\n\t\t\t<div class=\"elementor-widget-wrap elementor-element-populated\">\n\t\t\t\t\t\t<div class=\"elementor-element elementor-element-76aff84 elementor-widget elementor-widget-heading\" data-id=\"76aff84\" data-element_type=\"widget\" data-e-type=\"widget\" data-widget_type=\"heading.default\">\n\t\t\t\t<div class=\"elementor-widget-container\">\n\t\t\t\t\t<h1 class=\"elementor-heading-title elementor-size-default\">GALLERIA FOTOGRAFICA<\/h1>\t\t\t\t<\/div>\n\t\t\t\t<\/div>\n\t\t\t\t\t<\/div>\n\t\t<\/div>\n\t\t\t\t\t<\/div>\n\t\t<\/section>\n\t\t\t\t<section class=\"elementor-section elementor-top-section elementor-element elementor-element-2226ec3 elementor-section-full_width elementor-section-height-default elementor-section-height-default\" data-id=\"2226ec3\" data-element_type=\"section\" data-e-type=\"section\" data-settings=\"{&quot;_ha_eqh_enable&quot;:false}\">\n\t\t\t\t\t\t<div class=\"elementor-container elementor-column-gap-default\">\n\t\t\t\t\t<div class=\"elementor-column elementor-col-100 elementor-top-column elementor-element elementor-element-912051c\" data-id=\"912051c\" data-element_type=\"column\" data-e-type=\"column\">\n\t\t\t<div class=\"elementor-widget-wrap elementor-element-populated\">\n\t\t\t\t\t\t<div class=\"elementor-element elementor-element-2adc9d3 elementor-widget elementor-widget-heading\" data-id=\"2adc9d3\" data-element_type=\"widget\" data-e-type=\"widget\" data-widget_type=\"heading.default\">\n\t\t\t\t<div class=\"elementor-widget-container\">\n\t\t\t\t\t<h2 class=\"elementor-heading-title elementor-size-default\">GALLERIA FOTOGRAFICA 2025<\/h2>\t\t\t\t<\/div>\n\t\t\t\t<\/div>\n\t\t\t\t<div class=\"elementor-element elementor-element-af01dc2 elementor-widget-divider--view-line elementor-widget elementor-widget-divider\" data-id=\"af01dc2\" data-element_type=\"widget\" data-e-type=\"widget\" data-widget_type=\"divider.default\">\n\t\t\t\t<div class=\"elementor-widget-container\">\n\t\t\t\t\t\t\t<div class=\"elementor-divider\">\n\t\t\t<span class=\"elementor-divider-separator\">\n\t\t\t\t\t\t<\/span>\n\t\t<\/div>\n\t\t\t\t\t\t<\/div>\n\t\t\t\t<\/div>\n\t\t\t\t<div class=\"elementor-element elementor-element-6f4f3bd elementor-widget elementor-widget-text-editor\" data-id=\"6f4f3bd\" data-element_type=\"widget\" data-e-type=\"widget\" data-widget_type=\"text-editor.default\">\n\t\t\t\t<div class=\"elementor-widget-container\">\n\t\t\t\t\t\t\t\t\t<p>Fare clic su una fotografia per visualizzare una galleria fotografica.<\/p>\t\t\t\t\t\t\t\t<\/div>\n\t\t\t\t<\/div>\n\t\t\t\t<div class=\"elementor-element elementor-element-89b3374 elementor-widget elementor-widget-heading\" data-id=\"89b3374\" data-element_type=\"widget\" data-e-type=\"widget\" data-widget_type=\"heading.default\">\n\t\t\t\t<div class=\"elementor-widget-container\">\n\t\t\t\t\t<h4 class=\"elementor-heading-title elementor-size-default\">I MIGLIORI DEL 2025<\/h4>\t\t\t\t<\/div>\n\t\t\t\t<\/div>\n\t\t\t\t<div class=\"elementor-element elementor-element-6338ab5 elementor-widget elementor-widget-image\" data-id=\"6338ab5\" data-element_type=\"widget\" data-e-type=\"widget\" data-widget_type=\"image.default\">\n\t\t\t\t<div class=\"elementor-widget-container\">\n\t\t\t\t\t\t\t\t\t\t\t\t\t\t\t\t<a href=\"https:\/\/triathlondesaint-raphael.pixieset.com\/bestof2025\/\" target=\"_blank\">\n\t\t\t\t\t\t\t<img fetchpriority=\"high\" decoding=\"async\" width=\"650\" height=\"433\" src=\"https:\/\/triathlondesaintraphael.fr\/wp-content\/uploads\/2025\/09\/TST-2025-BEST-OF-1.webp\" class=\"elementor-animation-grow attachment-full size-full wp-image-786393\" alt=\"Le triathlon de Saint-Rapha\u00ebl by Roxim aura lieu tous les ans, avec 2 parcours S et M au choix suivant l&#039;\u00e2ge des coureurs\" srcset=\"https:\/\/triathlondesaintraphael.fr\/wp-content\/uploads\/2025\/09\/TST-2025-BEST-OF-1.webp 650w, https:\/\/triathlondesaintraphael.fr\/wp-content\/uploads\/2025\/09\/TST-2025-BEST-OF-1-300x200.webp 300w, https:\/\/triathlondesaintraphael.fr\/wp-content\/uploads\/2025\/09\/TST-2025-BEST-OF-1-18x12.webp 18w\" sizes=\"(max-width: 650px) 100vw, 650px\" \/>\t\t\t\t\t\t\t\t<\/a>\n\t\t\t\t\t\t\t\t\t\t\t\t\t\t\t<\/div>\n\t\t\t\t<\/div>\n\t\t\t\t<div class=\"elementor-element elementor-element-22733df elementor-widget elementor-widget-text-editor\" data-id=\"22733df\" data-element_type=\"widget\" data-e-type=\"widget\" data-widget_type=\"text-editor.default\">\n\t\t\t\t<div class=\"elementor-widget-container\">\n\t\t\t\t\t\t\t\t\t<p>Ewa-Gros e Franck-Cluzel<\/p>\t\t\t\t\t\t\t\t<\/div>\n\t\t\t\t<\/div>\n\t\t\t\t<div class=\"elementor-element elementor-element-0e93813 elementor-widget elementor-widget-heading\" data-id=\"0e93813\" data-element_type=\"widget\" data-e-type=\"widget\" data-widget_type=\"heading.default\">\n\t\t\t\t<div class=\"elementor-widget-container\">\n\t\t\t\t\t<h4 class=\"elementor-heading-title elementor-size-default\">TRIATHLON 2025 - S<\/h4>\t\t\t\t<\/div>\n\t\t\t\t<\/div>\n\t\t\t\t<div class=\"elementor-element elementor-element-21b253b elementor-widget elementor-widget-image\" data-id=\"21b253b\" data-element_type=\"widget\" data-e-type=\"widget\" data-widget_type=\"image.default\">\n\t\t\t\t<div class=\"elementor-widget-container\">\n\t\t\t\t\t\t\t\t\t\t\t\t\t\t\t\t<a href=\"https:\/\/triathlondesaint-raphael.pixieset.com\/triathlon2025-s\/\" target=\"_blank\">\n\t\t\t\t\t\t\t<img decoding=\"async\" width=\"650\" height=\"433\" src=\"https:\/\/triathlondesaintraphael.fr\/wp-content\/uploads\/2025\/09\/TST-2025-S-1.webp\" class=\"elementor-animation-grow attachment-full size-full wp-image-790449\" alt=\"Le triathlon de Saint-Rapha\u00ebl by Roxim aura lieu tous les ans, avec 2 parcours S et M au choix suivant l&#039;\u00e2ge des coureurs\" srcset=\"https:\/\/triathlondesaintraphael.fr\/wp-content\/uploads\/2025\/09\/TST-2025-S-1.webp 650w, https:\/\/triathlondesaintraphael.fr\/wp-content\/uploads\/2025\/09\/TST-2025-S-1-300x200.webp 300w, https:\/\/triathlondesaintraphael.fr\/wp-content\/uploads\/2025\/09\/TST-2025-S-1-18x12.webp 18w\" sizes=\"(max-width: 650px) 100vw, 650px\" \/>\t\t\t\t\t\t\t\t<\/a>\n\t\t\t\t\t\t\t\t\t\t\t\t\t\t\t<\/div>\n\t\t\t\t<\/div>\n\t\t\t\t<div class=\"elementor-element elementor-element-539b5cc elementor-widget elementor-widget-text-editor\" data-id=\"539b5cc\" data-element_type=\"widget\" data-e-type=\"widget\" data-widget_type=\"text-editor.default\">\n\t\t\t\t<div class=\"elementor-widget-container\">\n\t\t\t\t\t\t\t\t\t<p>Ewa-Gros e Franck-Cluzel<\/p>\t\t\t\t\t\t\t\t<\/div>\n\t\t\t\t<\/div>\n\t\t\t\t<div class=\"elementor-element elementor-element-75c1595 elementor-widget elementor-widget-heading\" data-id=\"75c1595\" data-element_type=\"widget\" data-e-type=\"widget\" data-widget_type=\"heading.default\">\n\t\t\t\t<div class=\"elementor-widget-container\">\n\t\t\t\t\t<h4 class=\"elementor-heading-title elementor-size-default\">TRIATHLON 2025 - M<\/h4>\t\t\t\t<\/div>\n\t\t\t\t<\/div>\n\t\t\t\t<div class=\"elementor-element elementor-element-993d23d elementor-widget elementor-widget-image\" data-id=\"993d23d\" data-element_type=\"widget\" data-e-type=\"widget\" data-widget_type=\"image.default\">\n\t\t\t\t<div class=\"elementor-widget-container\">\n\t\t\t\t\t\t\t\t\t\t\t\t\t\t\t\t<a href=\"https:\/\/triathlondesaint-raphael.pixieset.com\/triathlon2025-m\/\" target=\"_blank\">\n\t\t\t\t\t\t\t<img decoding=\"async\" width=\"650\" height=\"433\" src=\"https:\/\/triathlondesaintraphael.fr\/wp-content\/uploads\/2025\/09\/TST-2025-M-1.webp\" class=\"elementor-animation-grow attachment-full size-full wp-image-792175\" alt=\"Le triathlon de Saint-Rapha\u00ebl by Roxim aura lieu tous les ans, avec 2 parcours S et M au choix suivant l&#039;\u00e2ge des coureurs\" srcset=\"https:\/\/triathlondesaintraphael.fr\/wp-content\/uploads\/2025\/09\/TST-2025-M-1.webp 650w, https:\/\/triathlondesaintraphael.fr\/wp-content\/uploads\/2025\/09\/TST-2025-M-1-300x200.webp 300w, https:\/\/triathlondesaintraphael.fr\/wp-content\/uploads\/2025\/09\/TST-2025-M-1-18x12.webp 18w\" sizes=\"(max-width: 650px) 100vw, 650px\" \/>\t\t\t\t\t\t\t\t<\/a>\n\t\t\t\t\t\t\t\t\t\t\t\t\t\t\t<\/div>\n\t\t\t\t<\/div>\n\t\t\t\t<div class=\"elementor-element elementor-element-1f51e8b elementor-widget elementor-widget-text-editor\" data-id=\"1f51e8b\" data-element_type=\"widget\" data-e-type=\"widget\" data-widget_type=\"text-editor.default\">\n\t\t\t\t<div class=\"elementor-widget-container\">\n\t\t\t\t\t\t\t\t\t<p>Ewa-Gros e Franck-Cluzel<\/p>\t\t\t\t\t\t\t\t<\/div>\n\t\t\t\t<\/div>\n\t\t\t\t\t<\/div>\n\t\t<\/div>\n\t\t\t\t\t<\/div>\n\t\t<\/section>\n\t\t\t\t<section class=\"elementor-section elementor-top-section elementor-element elementor-element-7c33ae1 elementor-section-full_width elementor-section-height-default elementor-section-height-default\" data-id=\"7c33ae1\" data-element_type=\"section\" data-e-type=\"section\" data-settings=\"{&quot;background_background&quot;:&quot;classic&quot;,&quot;_ha_eqh_enable&quot;:false}\">\n\t\t\t\t\t\t<div class=\"elementor-container elementor-column-gap-default\">\n\t\t\t\t\t<div class=\"elementor-column elementor-col-100 elementor-top-column elementor-element elementor-element-0acf4da\" data-id=\"0acf4da\" data-element_type=\"column\" data-e-type=\"column\">\n\t\t\t<div class=\"elementor-widget-wrap elementor-element-populated\">\n\t\t\t\t\t\t<div class=\"elementor-element elementor-element-857ffde elementor-widget elementor-widget-image\" data-id=\"857ffde\" data-element_type=\"widget\" data-e-type=\"widget\" data-widget_type=\"image.default\">\n\t\t\t\t<div class=\"elementor-widget-container\">\n\t\t\t\t\t\t\t\t\t\t\t\t\t\t\t<img loading=\"lazy\" decoding=\"async\" width=\"1903\" height=\"479\" src=\"https:\/\/triathlondesaintraphael.fr\/wp-content\/uploads\/2024\/03\/triathlon-galerie-2-2023.webp\" class=\"attachment-full size-full wp-image-473404\" alt=\"Inscriptions en ligne pour le Triathlon de Saint-Rapha\u00ebl by Roxim, les tarifs et le r\u00e8glement des parcours S et M\u2026\" srcset=\"https:\/\/triathlondesaintraphael.fr\/wp-content\/uploads\/2024\/03\/triathlon-galerie-2-2023.webp 1903w, https:\/\/triathlondesaintraphael.fr\/wp-content\/uploads\/2024\/03\/triathlon-galerie-2-2023-300x76.webp 300w, https:\/\/triathlondesaintraphael.fr\/wp-content\/uploads\/2024\/03\/triathlon-galerie-2-2023-1024x258.webp 1024w, https:\/\/triathlondesaintraphael.fr\/wp-content\/uploads\/2024\/03\/triathlon-galerie-2-2023-768x193.webp 768w, https:\/\/triathlondesaintraphael.fr\/wp-content\/uploads\/2024\/03\/triathlon-galerie-2-2023-1536x387.webp 1536w, https:\/\/triathlondesaintraphael.fr\/wp-content\/uploads\/2024\/03\/triathlon-galerie-2-2023-18x5.webp 18w\" sizes=\"(max-width: 1903px) 100vw, 1903px\" \/>\t\t\t\t\t\t\t\t\t\t\t\t\t\t\t<\/div>\n\t\t\t\t<\/div>\n\t\t\t\t\t<\/div>\n\t\t<\/div>\n\t\t\t\t\t<\/div>\n\t\t<\/section>\n\t\t\t\t<\/div>","protected":false},"excerpt":{"rendered":"<p>GALLERIA FOTOGRAFICA GALLERIA FOTOGRAFICA 2025 Fare clic su una fotografia per visualizzare la galleria fotografica. BEST OF 2025 \u00a9 Ewa-Gros &amp; Franck-Cluzel TRIATHLON 2025 - S \u00a9 Ewa-Gros &amp; Franck-Cluzel TRIATHLON 2025 - M \u00a9 Ewa-Gros &amp; Franck-Cluzel<\/p>","protected":false},"author":2,"featured_media":552277,"parent":0,"menu_order":0,"comment_status":"closed","ping_status":"closed","template":"","meta":{"footnotes":""},"class_list":["post-223533","page","type-page","status-publish","has-post-thumbnail","hentry"],"yoast_head":"<!-- This site is optimized with the Yoast SEO plugin v27.4 - https:\/\/yoast.com\/product\/yoast-seo-wordpress\/ -->\n<title>Galerie photos du Triathlon de Saint-Rapha\u00ebl by Roxim<\/title>\n<meta name=\"description\" content=\"Retrouvez toutes les galeries photos de l&#039;\u00e9preuve sportive du Triathlon de Saint-Rapha\u00ebl by Roxim dans le Var\" \/>\n<meta name=\"robots\" content=\"index, follow, max-snippet:-1, max-image-preview:large, max-video-preview:-1\" \/>\n<link rel=\"canonical\" href=\"https:\/\/triathlondesaintraphael.fr\/it\/galerie-photos\/\" \/>\n<meta property=\"og:locale\" content=\"it_IT\" \/>\n<meta property=\"og:type\" content=\"article\" \/>\n<meta property=\"og:title\" content=\"Galerie photos du Triathlon de Saint-Rapha\u00ebl by Roxim\" \/>\n<meta property=\"og:description\" content=\"Retrouvez toutes les galeries photos de l&#039;\u00e9preuve sportive du Triathlon de Saint-Rapha\u00ebl by Roxim dans le Var\" \/>\n<meta property=\"og:url\" content=\"https:\/\/triathlondesaintraphael.fr\/it\/galerie-photos\/\" \/>\n<meta property=\"article:publisher\" content=\"https:\/\/www.facebook.com\/TriathlonDeSaintRaphael\/\" \/>\n<meta property=\"article:modified_time\" content=\"2025-09-26T13:07:44+00:00\" \/>\n<meta property=\"og:image\" content=\"https:\/\/triathlondesaintraphael.fr\/wp-content\/uploads\/2024\/09\/tsr-referencment-p-gal-2024-1.webp\" \/>\n\t<meta property=\"og:image:width\" content=\"700\" \/>\n\t<meta property=\"og:image:height\" content=\"467\" \/>\n\t<meta property=\"og:image:type\" content=\"image\/webp\" \/>\n<meta name=\"twitter:label1\" content=\"Tempo di lettura stimato\" \/>\n\t<meta name=\"twitter:data1\" content=\"1 minuto\" \/>\n<script type=\"application\/ld+json\" class=\"yoast-schema-graph\">{\"@context\":\"https:\\\/\\\/schema.org\",\"@graph\":[{\"@type\":\"WebPage\",\"@id\":\"https:\\\/\\\/triathlondesaintraphael.fr\\\/galerie-photos\\\/\",\"url\":\"https:\\\/\\\/triathlondesaintraphael.fr\\\/galerie-photos\\\/\",\"name\":\"Galerie photos du Triathlon de Saint-Rapha\u00ebl by Roxim\",\"isPartOf\":{\"@id\":\"https:\\\/\\\/triathlondesaintraphael.fr\\\/#website\"},\"primaryImageOfPage\":{\"@id\":\"https:\\\/\\\/triathlondesaintraphael.fr\\\/galerie-photos\\\/#primaryimage\"},\"image\":{\"@id\":\"https:\\\/\\\/triathlondesaintraphael.fr\\\/galerie-photos\\\/#primaryimage\"},\"thumbnailUrl\":\"https:\\\/\\\/triathlondesaintraphael.fr\\\/wp-content\\\/uploads\\\/2024\\\/09\\\/tsr-referencment-p-gal-2024-1.webp\",\"datePublished\":\"2021-11-17T16:38:15+00:00\",\"dateModified\":\"2025-09-26T13:07:44+00:00\",\"description\":\"Retrouvez toutes les galeries photos de l'\u00e9preuve sportive du Triathlon de Saint-Rapha\u00ebl by Roxim dans le Var\",\"breadcrumb\":{\"@id\":\"https:\\\/\\\/triathlondesaintraphael.fr\\\/galerie-photos\\\/#breadcrumb\"},\"inLanguage\":\"it-IT\",\"potentialAction\":[{\"@type\":\"ReadAction\",\"target\":[\"https:\\\/\\\/triathlondesaintraphael.fr\\\/galerie-photos\\\/\"]}]},{\"@type\":\"ImageObject\",\"inLanguage\":\"it-IT\",\"@id\":\"https:\\\/\\\/triathlondesaintraphael.fr\\\/galerie-photos\\\/#primaryimage\",\"url\":\"https:\\\/\\\/triathlondesaintraphael.fr\\\/wp-content\\\/uploads\\\/2024\\\/09\\\/tsr-referencment-p-gal-2024-1.webp\",\"contentUrl\":\"https:\\\/\\\/triathlondesaintraphael.fr\\\/wp-content\\\/uploads\\\/2024\\\/09\\\/tsr-referencment-p-gal-2024-1.webp\",\"width\":700,\"height\":467,\"caption\":\"Le triathlon de Saint-Rapha\u00ebl by Roxim aura lieu tous les ans, avec 2 parcours S et M au choix suivant l'\u00e2ge des coureurs\"},{\"@type\":\"BreadcrumbList\",\"@id\":\"https:\\\/\\\/triathlondesaintraphael.fr\\\/galerie-photos\\\/#breadcrumb\",\"itemListElement\":[{\"@type\":\"ListItem\",\"position\":1,\"name\":\"Accueil\",\"item\":\"https:\\\/\\\/triathlondesaintraphael.fr\\\/\"},{\"@type\":\"ListItem\",\"position\":2,\"name\":\"Galerie photos\"}]},{\"@type\":\"WebSite\",\"@id\":\"https:\\\/\\\/triathlondesaintraphael.fr\\\/#website\",\"url\":\"https:\\\/\\\/triathlondesaintraphael.fr\\\/\",\"name\":\"\",\"description\":\"\",\"potentialAction\":[{\"@type\":\"SearchAction\",\"target\":{\"@type\":\"EntryPoint\",\"urlTemplate\":\"https:\\\/\\\/triathlondesaintraphael.fr\\\/?s={search_term_string}\"},\"query-input\":{\"@type\":\"PropertyValueSpecification\",\"valueRequired\":true,\"valueName\":\"search_term_string\"}}],\"inLanguage\":\"it-IT\"}]}<\/script>\n<!-- \/ Yoast SEO plugin. -->","yoast_head_json":{"title":"Galleria fotografica del Triathlon di Saint-Rapha\u00ebl di Roxim","description":"Guarda tutte le gallerie fotografiche del Triathlon di Saint-Rapha\u00ebl by Roxim nel Var, in Francia.","robots":{"index":"index","follow":"follow","max-snippet":"max-snippet:-1","max-image-preview":"max-image-preview:large","max-video-preview":"max-video-preview:-1"},"canonical":"https:\/\/triathlondesaintraphael.fr\/it\/galerie-photos\/","og_locale":"it_IT","og_type":"article","og_title":"Galerie photos du Triathlon de Saint-Rapha\u00ebl by Roxim","og_description":"Retrouvez toutes les galeries photos de l'\u00e9preuve sportive du Triathlon de Saint-Rapha\u00ebl by Roxim dans le Var","og_url":"https:\/\/triathlondesaintraphael.fr\/it\/galerie-photos\/","article_publisher":"https:\/\/www.facebook.com\/TriathlonDeSaintRaphael\/","article_modified_time":"2025-09-26T13:07:44+00:00","og_image":[{"width":700,"height":467,"url":"https:\/\/triathlondesaintraphael.fr\/wp-content\/uploads\/2024\/09\/tsr-referencment-p-gal-2024-1.webp","type":"image\/webp"}],"twitter_misc":{"Tempo di lettura stimato":"1 minuto"},"schema":{"@context":"https:\/\/schema.org","@graph":[{"@type":"WebPage","@id":"https:\/\/triathlondesaintraphael.fr\/galerie-photos\/","url":"https:\/\/triathlondesaintraphael.fr\/galerie-photos\/","name":"Galleria fotografica del Triathlon di Saint-Rapha\u00ebl di Roxim","isPartOf":{"@id":"https:\/\/triathlondesaintraphael.fr\/#website"},"primaryImageOfPage":{"@id":"https:\/\/triathlondesaintraphael.fr\/galerie-photos\/#primaryimage"},"image":{"@id":"https:\/\/triathlondesaintraphael.fr\/galerie-photos\/#primaryimage"},"thumbnailUrl":"https:\/\/triathlondesaintraphael.fr\/wp-content\/uploads\/2024\/09\/tsr-referencment-p-gal-2024-1.webp","datePublished":"2021-11-17T16:38:15+00:00","dateModified":"2025-09-26T13:07:44+00:00","description":"Guarda tutte le gallerie fotografiche del Triathlon di Saint-Rapha\u00ebl by Roxim nel Var, in Francia.","breadcrumb":{"@id":"https:\/\/triathlondesaintraphael.fr\/galerie-photos\/#breadcrumb"},"inLanguage":"it-IT","potentialAction":[{"@type":"ReadAction","target":["https:\/\/triathlondesaintraphael.fr\/galerie-photos\/"]}]},{"@type":"ImageObject","inLanguage":"it-IT","@id":"https:\/\/triathlondesaintraphael.fr\/galerie-photos\/#primaryimage","url":"https:\/\/triathlondesaintraphael.fr\/wp-content\/uploads\/2024\/09\/tsr-referencment-p-gal-2024-1.webp","contentUrl":"https:\/\/triathlondesaintraphael.fr\/wp-content\/uploads\/2024\/09\/tsr-referencment-p-gal-2024-1.webp","width":700,"height":467,"caption":"Le triathlon de Saint-Rapha\u00ebl by Roxim aura lieu tous les ans, avec 2 parcours S et M au choix suivant l'\u00e2ge des coureurs"},{"@type":"BreadcrumbList","@id":"https:\/\/triathlondesaintraphael.fr\/galerie-photos\/#breadcrumb","itemListElement":[{"@type":"ListItem","position":1,"name":"Accueil","item":"https:\/\/triathlondesaintraphael.fr\/"},{"@type":"ListItem","position":2,"name":"Galerie photos"}]},{"@type":"WebSite","@id":"https:\/\/triathlondesaintraphael.fr\/#website","url":"https:\/\/triathlondesaintraphael.fr\/","name":"","description":"","potentialAction":[{"@type":"SearchAction","target":{"@type":"EntryPoint","urlTemplate":"https:\/\/triathlondesaintraphael.fr\/?s={search_term_string}"},"query-input":{"@type":"PropertyValueSpecification","valueRequired":true,"valueName":"search_term_string"}}],"inLanguage":"it-IT"}]}},"_links":{"self":[{"href":"https:\/\/triathlondesaintraphael.fr\/it\/wp-json\/wp\/v2\/pages\/223533","targetHints":{"allow":["GET"]}}],"collection":[{"href":"https:\/\/triathlondesaintraphael.fr\/it\/wp-json\/wp\/v2\/pages"}],"about":[{"href":"https:\/\/triathlondesaintraphael.fr\/it\/wp-json\/wp\/v2\/types\/page"}],"author":[{"embeddable":true,"href":"https:\/\/triathlondesaintraphael.fr\/it\/wp-json\/wp\/v2\/users\/2"}],"replies":[{"embeddable":true,"href":"https:\/\/triathlondesaintraphael.fr\/it\/wp-json\/wp\/v2\/comments?post=223533"}],"version-history":[{"count":129,"href":"https:\/\/triathlondesaintraphael.fr\/it\/wp-json\/wp\/v2\/pages\/223533\/revisions"}],"predecessor-version":[{"id":792180,"href":"https:\/\/triathlondesaintraphael.fr\/it\/wp-json\/wp\/v2\/pages\/223533\/revisions\/792180"}],"wp:featuredmedia":[{"embeddable":true,"href":"https:\/\/triathlondesaintraphael.fr\/it\/wp-json\/wp\/v2\/media\/552277"}],"wp:attachment":[{"href":"https:\/\/triathlondesaintraphael.fr\/it\/wp-json\/wp\/v2\/media?parent=223533"}],"curies":[{"name":"wp","href":"https:\/\/api.w.org\/{rel}","templated":true}]}}