{"id":705433,"date":"2025-06-12T08:18:46","date_gmt":"2025-06-12T07:18:46","guid":{"rendered":"https:\/\/triathlondesaintraphael.fr\/?page_id=705433"},"modified":"2026-02-25T14:16:48","modified_gmt":"2026-02-25T13:16:48","slug":"location-de-materiels","status":"publish","type":"page","link":"https:\/\/triathlondesaintraphael.fr\/en\/location-de-materiels\/","title":{"rendered":"EQUIPMENT RENTAL"},"content":{"rendered":"<div data-elementor-type=\"wp-page\" data-elementor-id=\"705433\" class=\"elementor elementor-705433\" data-elementor-settings=\"{&quot;ha_cmc_init_switcher&quot;:&quot;no&quot;}\">\n\t\t\t\t\t\t<section class=\"elementor-section elementor-top-section elementor-element elementor-element-29dfa6a elementor-section-full_width elementor-section-height-default elementor-section-height-default\" data-id=\"29dfa6a\" data-element_type=\"section\" data-e-type=\"section\" data-settings=\"{&quot;background_background&quot;:&quot;classic&quot;,&quot;_ha_eqh_enable&quot;:false}\">\n\t\t\t\t\t\t<div class=\"elementor-container elementor-column-gap-default\">\n\t\t\t\t\t<div class=\"elementor-column elementor-col-100 elementor-top-column elementor-element elementor-element-c9b2d78\" data-id=\"c9b2d78\" data-element_type=\"column\" data-e-type=\"column\">\n\t\t\t<div class=\"elementor-widget-wrap elementor-element-populated\">\n\t\t\t\t\t\t<div class=\"elementor-element elementor-element-c539684 elementor-widget elementor-widget-spacer\" data-id=\"c539684\" data-element_type=\"widget\" data-e-type=\"widget\" data-widget_type=\"spacer.default\">\n\t\t\t\t<div class=\"elementor-widget-container\">\n\t\t\t\t\t\t\t<div class=\"elementor-spacer\">\n\t\t\t<div class=\"elementor-spacer-inner\"><\/div>\n\t\t<\/div>\n\t\t\t\t\t\t<\/div>\n\t\t\t\t<\/div>\n\t\t\t\t\t<\/div>\n\t\t<\/div>\n\t\t\t\t\t<\/div>\n\t\t<\/section>\n\t\t\t\t<section class=\"elementor-section elementor-top-section elementor-element elementor-element-0900d1e elementor-section-full_width elementor-section-height-default elementor-section-height-default\" data-id=\"0900d1e\" data-element_type=\"section\" data-e-type=\"section\" data-settings=\"{&quot;background_background&quot;:&quot;classic&quot;,&quot;_ha_eqh_enable&quot;:false}\">\n\t\t\t\t\t\t<div class=\"elementor-container elementor-column-gap-default\">\n\t\t\t\t\t<div class=\"elementor-column elementor-col-100 elementor-top-column elementor-element elementor-element-21e380f\" data-id=\"21e380f\" data-element_type=\"column\" data-e-type=\"column\">\n\t\t\t<div class=\"elementor-widget-wrap elementor-element-populated\">\n\t\t\t\t\t\t<div class=\"elementor-element elementor-element-0cb5f04 elementor-widget elementor-widget-heading\" data-id=\"0cb5f04\" data-element_type=\"widget\" data-e-type=\"widget\" data-widget_type=\"heading.default\">\n\t\t\t\t<div class=\"elementor-widget-container\">\n\t\t\t\t\t<h1 class=\"elementor-heading-title elementor-size-default\">EQUIPMENT RENTAL<\/h1>\t\t\t\t<\/div>\n\t\t\t\t<\/div>\n\t\t\t\t\t<\/div>\n\t\t<\/div>\n\t\t\t\t\t<\/div>\n\t\t<\/section>\n\t\t\t\t<section class=\"elementor-section elementor-top-section elementor-element elementor-element-1706600 elementor-section-full_width elementor-section-height-default elementor-section-height-default\" data-id=\"1706600\" data-element_type=\"section\" data-e-type=\"section\" data-settings=\"{&quot;_ha_eqh_enable&quot;:false}\">\n\t\t\t\t\t\t<div class=\"elementor-container elementor-column-gap-default\">\n\t\t\t\t\t<div class=\"elementor-column elementor-col-100 elementor-top-column elementor-element elementor-element-4411cdf\" data-id=\"4411cdf\" data-element_type=\"column\" data-e-type=\"column\">\n\t\t\t<div class=\"elementor-widget-wrap elementor-element-populated\">\n\t\t\t\t\t\t<div class=\"elementor-element elementor-element-0a30a41 elementor-widget elementor-widget-text-editor\" data-id=\"0a30a41\" data-element_type=\"widget\" data-e-type=\"widget\" data-widget_type=\"text-editor.default\">\n\t\t\t\t<div class=\"elementor-widget-container\">\n\t\t\t\t\t\t\t\t\t<p>Don't have the necessary equipment to take part in the triathlon? <br \/>Don't worry, we've got everything covered with our partners below!<\/p>\t\t\t\t\t\t\t\t<\/div>\n\t\t\t\t<\/div>\n\t\t\t\t<div class=\"elementor-element elementor-element-841fc90 elementor-widget-divider--view-line elementor-widget elementor-widget-divider\" data-id=\"841fc90\" data-element_type=\"widget\" data-e-type=\"widget\" data-widget_type=\"divider.default\">\n\t\t\t\t<div class=\"elementor-widget-container\">\n\t\t\t\t\t\t\t<div class=\"elementor-divider\">\n\t\t\t<span class=\"elementor-divider-separator\">\n\t\t\t\t\t\t<\/span>\n\t\t<\/div>\n\t\t\t\t\t\t<\/div>\n\t\t\t\t<\/div>\n\t\t\t\t\t<\/div>\n\t\t<\/div>\n\t\t\t\t\t<\/div>\n\t\t<\/section>\n\t\t\t\t<section class=\"elementor-section elementor-top-section elementor-element elementor-element-c2bf39a elementor-section-boxed elementor-section-height-default elementor-section-height-default\" data-id=\"c2bf39a\" data-element_type=\"section\" data-e-type=\"section\" data-settings=\"{&quot;_ha_eqh_enable&quot;:false}\">\n\t\t\t\t\t\t<div class=\"elementor-container elementor-column-gap-extended\">\n\t\t\t\t\t<div class=\"elementor-column elementor-col-50 elementor-top-column elementor-element elementor-element-9feed3c\" data-id=\"9feed3c\" data-element_type=\"column\" data-e-type=\"column\">\n\t\t\t<div class=\"elementor-widget-wrap elementor-element-populated\">\n\t\t\t\t\t\t<div class=\"elementor-element elementor-element-a9dde3c elementor-widget elementor-widget-image\" data-id=\"a9dde3c\" data-element_type=\"widget\" data-e-type=\"widget\" data-widget_type=\"image.default\">\n\t\t\t\t<div class=\"elementor-widget-container\">\n\t\t\t\t\t\t\t\t\t\t\t\t\t\t\t<img fetchpriority=\"high\" decoding=\"async\" width=\"700\" height=\"700\" src=\"https:\/\/triathlondesaintraphael.fr\/wp-content\/uploads\/2025\/06\/Designsanstitre-3_de9deaa0-e520-42f4-b999-4054f2ce2834.webp\" class=\"attachment-full size-full wp-image-705480\" alt=\"Le triathlon de Saint-Rapha\u00ebl by Roxim aura lieu tous les ans, avec 2 parcours S et M au choix suivant l&#039;\u00e2ge des coureurs\" srcset=\"https:\/\/triathlondesaintraphael.fr\/wp-content\/uploads\/2025\/06\/Designsanstitre-3_de9deaa0-e520-42f4-b999-4054f2ce2834.webp 700w, https:\/\/triathlondesaintraphael.fr\/wp-content\/uploads\/2025\/06\/Designsanstitre-3_de9deaa0-e520-42f4-b999-4054f2ce2834-300x300.webp 300w, https:\/\/triathlondesaintraphael.fr\/wp-content\/uploads\/2025\/06\/Designsanstitre-3_de9deaa0-e520-42f4-b999-4054f2ce2834-150x150.webp 150w, https:\/\/triathlondesaintraphael.fr\/wp-content\/uploads\/2025\/06\/Designsanstitre-3_de9deaa0-e520-42f4-b999-4054f2ce2834-12x12.webp 12w\" sizes=\"(max-width: 700px) 100vw, 700px\" \/>\t\t\t\t\t\t\t\t\t\t\t\t\t\t\t<\/div>\n\t\t\t\t<\/div>\n\t\t\t\t\t<\/div>\n\t\t<\/div>\n\t\t\t\t<div class=\"elementor-column elementor-col-50 elementor-top-column elementor-element elementor-element-82d6d4e\" data-id=\"82d6d4e\" data-element_type=\"column\" data-e-type=\"column\">\n\t\t\t<div class=\"elementor-widget-wrap elementor-element-populated\">\n\t\t\t\t\t\t<section class=\"elementor-section elementor-inner-section elementor-element elementor-element-80c34d5 elementor-section-boxed elementor-section-height-default elementor-section-height-default\" data-id=\"80c34d5\" data-element_type=\"section\" data-e-type=\"section\" data-settings=\"{&quot;_ha_eqh_enable&quot;:false}\">\n\t\t\t\t\t\t<div class=\"elementor-container elementor-column-gap-default\">\n\t\t\t\t\t<div class=\"elementor-column elementor-col-50 elementor-inner-column elementor-element elementor-element-a3d2a14\" data-id=\"a3d2a14\" data-element_type=\"column\" data-e-type=\"column\">\n\t\t\t<div class=\"elementor-widget-wrap elementor-element-populated\">\n\t\t\t\t\t\t<div class=\"elementor-element elementor-element-697e529 elementor-widget elementor-widget-heading\" data-id=\"697e529\" data-element_type=\"widget\" data-e-type=\"widget\" data-widget_type=\"heading.default\">\n\t\t\t\t<div class=\"elementor-widget-container\">\n\t\t\t\t\t<h2 class=\"elementor-heading-title elementor-size-default\">WATT DISTRIBUTION<\/h2>\t\t\t\t<\/div>\n\t\t\t\t<\/div>\n\t\t\t\t\t<\/div>\n\t\t<\/div>\n\t\t\t\t<div class=\"elementor-column elementor-col-50 elementor-inner-column elementor-element elementor-element-b95cace\" data-id=\"b95cace\" data-element_type=\"column\" data-e-type=\"column\">\n\t\t\t<div class=\"elementor-widget-wrap elementor-element-populated\">\n\t\t\t\t\t\t<div class=\"elementor-element elementor-element-121ec58 elementor-widget-divider--view-line elementor-widget elementor-widget-divider\" data-id=\"121ec58\" data-element_type=\"widget\" data-e-type=\"widget\" data-widget_type=\"divider.default\">\n\t\t\t\t<div class=\"elementor-widget-container\">\n\t\t\t\t\t\t\t<div class=\"elementor-divider\">\n\t\t\t<span class=\"elementor-divider-separator\">\n\t\t\t\t\t\t<\/span>\n\t\t<\/div>\n\t\t\t\t\t\t<\/div>\n\t\t\t\t<\/div>\n\t\t\t\t\t<\/div>\n\t\t<\/div>\n\t\t\t\t\t<\/div>\n\t\t<\/section>\n\t\t\t\t<div class=\"elementor-element elementor-element-27b173b elementor-widget elementor-widget-heading\" data-id=\"27b173b\" data-element_type=\"widget\" data-e-type=\"widget\" data-widget_type=\"heading.default\">\n\t\t\t\t<div class=\"elementor-widget-container\">\n\t\t\t\t\t<h3 class=\"elementor-heading-title elementor-size-default\">Wetsuit rental for the triathlon<\/h3>\t\t\t\t<\/div>\n\t\t\t\t<\/div>\n\t\t\t\t<div class=\"elementor-element elementor-element-019f33f elementor-widget elementor-widget-text-editor\" data-id=\"019f33f\" data-element_type=\"widget\" data-e-type=\"widget\" data-widget_type=\"text-editor.default\">\n\t\t\t\t<div class=\"elementor-widget-container\">\n\t\t\t\t\t\t\t\t\t<p>No wetsuit yet for the Saint-Rapha\u00ebl Triathlon by Roxim?<br \/><b>Watt Distribution<\/b>, the event's official sponsor, is offering you the chance to hire neoprene wetsuits to ensure you get the best possible performance!<\/p><p>Book online now<br \/>Choose the \u00abMagasin Triathlon de St Rapha\u00ebl by Roxim\u00bb collection point. Your wetsuit will be waiting for you directly at the Watt Distribution stand at the start of the triathlon!<\/p><p>A convenient, fast and stress-free service to be ready on race day!<br \/>Thanks to <b>Watt Distribution<\/b> for their support as a partner of the Saint-Rapha\u00ebl Triathlon by Roxim.<\/p>\t\t\t\t\t\t\t\t<\/div>\n\t\t\t\t<\/div>\n\t\t\t\t<div class=\"elementor-element elementor-element-453e12e elementor-mobile-align-center elementor-widget elementor-widget-button\" data-id=\"453e12e\" data-element_type=\"widget\" data-e-type=\"widget\" data-widget_type=\"button.default\">\n\t\t\t\t<div class=\"elementor-widget-container\">\n\t\t\t\t\t\t\t\t\t<div class=\"elementor-button-wrapper\">\n\t\t\t\t\t<a class=\"elementor-button elementor-button-link elementor-size-sm\" href=\"https:\/\/waatshop.fr\/collections\/location-de-combinaisons\" target=\"_blank\">\n\t\t\t\t\t\t<span class=\"elementor-button-content-wrapper\">\n\t\t\t\t\t\t\t\t\t<span class=\"elementor-button-text\">BOOK HERE<\/span>\n\t\t\t\t\t<\/span>\n\t\t\t\t\t<\/a>\n\t\t\t\t<\/div>\n\t\t\t\t\t\t\t\t<\/div>\n\t\t\t\t<\/div>\n\t\t\t\t\t<\/div>\n\t\t<\/div>\n\t\t\t\t\t<\/div>\n\t\t<\/section>\n\t\t\t\t<section class=\"elementor-section elementor-top-section elementor-element elementor-element-a306879 elementor-reverse-mobile elementor-section-boxed elementor-section-height-default elementor-section-height-default\" data-id=\"a306879\" data-element_type=\"section\" data-e-type=\"section\" data-settings=\"{&quot;_ha_eqh_enable&quot;:false}\">\n\t\t\t\t\t\t<div class=\"elementor-container elementor-column-gap-extended\">\n\t\t\t\t\t<div class=\"elementor-column elementor-col-50 elementor-top-column elementor-element elementor-element-ee59b54\" data-id=\"ee59b54\" data-element_type=\"column\" data-e-type=\"column\">\n\t\t\t<div class=\"elementor-widget-wrap elementor-element-populated\">\n\t\t\t\t\t\t<section class=\"elementor-section elementor-inner-section elementor-element elementor-element-dec5fbf elementor-section-boxed elementor-section-height-default elementor-section-height-default\" data-id=\"dec5fbf\" data-element_type=\"section\" data-e-type=\"section\" data-settings=\"{&quot;_ha_eqh_enable&quot;:false}\">\n\t\t\t\t\t\t<div class=\"elementor-container elementor-column-gap-default\">\n\t\t\t\t\t<div class=\"elementor-column elementor-col-50 elementor-inner-column elementor-element elementor-element-70e4d28\" data-id=\"70e4d28\" data-element_type=\"column\" data-e-type=\"column\">\n\t\t\t<div class=\"elementor-widget-wrap elementor-element-populated\">\n\t\t\t\t\t\t<div class=\"elementor-element elementor-element-0ad7c94 elementor-widget elementor-widget-heading\" data-id=\"0ad7c94\" data-element_type=\"widget\" data-e-type=\"widget\" data-widget_type=\"heading.default\">\n\t\t\t\t<div class=\"elementor-widget-container\">\n\t\t\t\t\t<h2 class=\"elementor-heading-title elementor-size-default\">THE BIKE RENTAL COMPANY<\/h2>\t\t\t\t<\/div>\n\t\t\t\t<\/div>\n\t\t\t\t\t<\/div>\n\t\t<\/div>\n\t\t\t\t<div class=\"elementor-column elementor-col-50 elementor-inner-column elementor-element elementor-element-7e51d80\" data-id=\"7e51d80\" data-element_type=\"column\" data-e-type=\"column\">\n\t\t\t<div class=\"elementor-widget-wrap elementor-element-populated\">\n\t\t\t\t\t\t<div class=\"elementor-element elementor-element-39fa5e9 elementor-widget-divider--view-line elementor-widget elementor-widget-divider\" data-id=\"39fa5e9\" data-element_type=\"widget\" data-e-type=\"widget\" data-widget_type=\"divider.default\">\n\t\t\t\t<div class=\"elementor-widget-container\">\n\t\t\t\t\t\t\t<div class=\"elementor-divider\">\n\t\t\t<span class=\"elementor-divider-separator\">\n\t\t\t\t\t\t<\/span>\n\t\t<\/div>\n\t\t\t\t\t\t<\/div>\n\t\t\t\t<\/div>\n\t\t\t\t\t<\/div>\n\t\t<\/div>\n\t\t\t\t\t<\/div>\n\t\t<\/section>\n\t\t\t\t<div class=\"elementor-element elementor-element-963f77a elementor-widget elementor-widget-heading\" data-id=\"963f77a\" data-element_type=\"widget\" data-e-type=\"widget\" data-widget_type=\"heading.default\">\n\t\t\t\t<div class=\"elementor-widget-container\">\n\t\t\t\t\t<h3 class=\"elementor-heading-title elementor-size-default\">Bike rental<\/h3>\t\t\t\t<\/div>\n\t\t\t\t<\/div>\n\t\t\t\t<div class=\"elementor-element elementor-element-c04e08d elementor-widget elementor-widget-text-editor\" data-id=\"c04e08d\" data-element_type=\"widget\" data-e-type=\"widget\" data-widget_type=\"text-editor.default\">\n\t\t\t\t<div class=\"elementor-widget-container\">\n\t\t\t\t\t\t\t\t\t<p>No bike for the big day?<\/p>\n<p><b>The Bike Rental Company<\/b> offers quality bike hire for all participants. Whether you're a beginner or an experienced rider, their team will provide you with high-performance, perfectly-tuned equipment to help you give your best on race day.<\/p>\n<p><u>Special event rates :<br><\/u><em style=\"letter-spacing: 0px;\">The prices below include delivery and collection on site, as well as adjustments made by their technicians.<\/em><\/p>\n<ul>\n<li>Polygon Strattos S7D 105: \u20ac95<\/li>\n<li>Damage insurance (optional): \u20ac25<\/li>\n<li>Other models available on request (Aethos 2, Tarmac SL8, etc.).<\/li>\n<\/ul>\n<p><span style=\"letter-spacing: 0px;\">To find out more, visit our website below:<br><\/span><a href=\"https:\/\/thebikerentalcompany.fr\/fr\/home\/\" target=\"_blank\" rel=\"noopener\" style=\"background-color: rgb(255, 255, 255); letter-spacing: 0px;\"><u>thebikerentalcompany.com<\/u><\/a><\/p>\n<p>Our warmest thanks to <b>The Bike Rental Company<\/b> for its partnership and commitment to the Saint-Rapha\u00ebl Triathlon by Roxim.<\/p>\t\t\t\t\t\t\t\t<\/div>\n\t\t\t\t<\/div>\n\t\t\t\t<div class=\"elementor-element elementor-element-14baac8 elementor-mobile-align-center elementor-widget elementor-widget-button\" data-id=\"14baac8\" data-element_type=\"widget\" data-e-type=\"widget\" data-widget_type=\"button.default\">\n\t\t\t\t<div class=\"elementor-widget-container\">\n\t\t\t\t\t\t\t\t\t<div class=\"elementor-button-wrapper\">\n\t\t\t\t\t<a class=\"elementor-button elementor-button-link elementor-size-sm\" href=\"https:\/\/docs.google.com\/forms\/d\/e\/1FAIpQLSfXpAvzzo093Grdzc6AmEEuAyKQAImj_IsjA2-y5zJ3ikGCxg\/viewform\" target=\"_blank\">\n\t\t\t\t\t\t<span class=\"elementor-button-content-wrapper\">\n\t\t\t\t\t\t\t\t\t<span class=\"elementor-button-text\">Book HERE <\/span>\n\t\t\t\t\t<\/span>\n\t\t\t\t\t<\/a>\n\t\t\t\t<\/div>\n\t\t\t\t\t\t\t\t<\/div>\n\t\t\t\t<\/div>\n\t\t\t\t\t<\/div>\n\t\t<\/div>\n\t\t\t\t<div class=\"elementor-column elementor-col-50 elementor-top-column elementor-element elementor-element-87b8c6e\" data-id=\"87b8c6e\" data-element_type=\"column\" data-e-type=\"column\">\n\t\t\t<div class=\"elementor-widget-wrap elementor-element-populated\">\n\t\t\t\t\t\t<div class=\"elementor-element elementor-element-c9272bd elementor-widget elementor-widget-image\" data-id=\"c9272bd\" data-element_type=\"widget\" data-e-type=\"widget\" data-widget_type=\"image.default\">\n\t\t\t\t<div class=\"elementor-widget-container\">\n\t\t\t\t\t\t\t\t\t\t\t\t\t\t\t<img decoding=\"async\" width=\"567\" height=\"558\" src=\"https:\/\/triathlondesaintraphael.fr\/wp-content\/uploads\/2026\/02\/triathlon-bike-rental-2.webp\" class=\"attachment-full size-full wp-image-830406\" alt=\"Le triathlon de Saint-Rapha\u00ebl by Roxim aura lieu tous les ans, avec 2 parcours S et M au choix suivant l&#039;\u00e2ge des coureurs\" srcset=\"https:\/\/triathlondesaintraphael.fr\/wp-content\/uploads\/2026\/02\/triathlon-bike-rental-2.webp 567w, https:\/\/triathlondesaintraphael.fr\/wp-content\/uploads\/2026\/02\/triathlon-bike-rental-2-300x295.webp 300w, https:\/\/triathlondesaintraphael.fr\/wp-content\/uploads\/2026\/02\/triathlon-bike-rental-2-12x12.webp 12w\" sizes=\"(max-width: 567px) 100vw, 567px\" \/>\t\t\t\t\t\t\t\t\t\t\t\t\t\t\t<\/div>\n\t\t\t\t<\/div>\n\t\t\t\t\t<\/div>\n\t\t<\/div>\n\t\t\t\t\t<\/div>\n\t\t<\/section>\n\t\t\t\t<section class=\"elementor-section elementor-top-section elementor-element elementor-element-b09d586 elementor-section-boxed elementor-section-height-default elementor-section-height-default\" data-id=\"b09d586\" data-element_type=\"section\" data-e-type=\"section\" data-settings=\"{&quot;_ha_eqh_enable&quot;:false}\">\n\t\t\t\t\t\t<div class=\"elementor-container elementor-column-gap-wider\">\n\t\t\t\t\t<div class=\"elementor-column elementor-col-50 elementor-top-column elementor-element elementor-element-0de0302\" data-id=\"0de0302\" data-element_type=\"column\" data-e-type=\"column\">\n\t\t\t<div class=\"elementor-widget-wrap elementor-element-populated\">\n\t\t\t\t\t\t<div class=\"elementor-element elementor-element-14b12f5 elementor-widget elementor-widget-image\" data-id=\"14b12f5\" data-element_type=\"widget\" data-e-type=\"widget\" data-widget_type=\"image.default\">\n\t\t\t\t<div class=\"elementor-widget-container\">\n\t\t\t\t\t\t\t\t\t\t\t\t\t\t\t<img decoding=\"async\" width=\"500\" height=\"500\" src=\"https:\/\/triathlondesaintraphael.fr\/wp-content\/uploads\/2025\/06\/esterel-1.webp\" class=\"attachment-full size-full wp-image-705516\" alt=\"Le triathlon de Saint-Rapha\u00ebl by Roxim aura lieu tous les ans, avec 2 parcours S et M au choix suivant l&#039;\u00e2ge des coureurs\" srcset=\"https:\/\/triathlondesaintraphael.fr\/wp-content\/uploads\/2025\/06\/esterel-1.webp 500w, https:\/\/triathlondesaintraphael.fr\/wp-content\/uploads\/2025\/06\/esterel-1-300x300.webp 300w, https:\/\/triathlondesaintraphael.fr\/wp-content\/uploads\/2025\/06\/esterel-1-150x150.webp 150w, https:\/\/triathlondesaintraphael.fr\/wp-content\/uploads\/2025\/06\/esterel-1-12x12.webp 12w\" sizes=\"(max-width: 500px) 100vw, 500px\" \/>\t\t\t\t\t\t\t\t\t\t\t\t\t\t\t<\/div>\n\t\t\t\t<\/div>\n\t\t\t\t\t<\/div>\n\t\t<\/div>\n\t\t\t\t<div class=\"elementor-column elementor-col-50 elementor-top-column elementor-element elementor-element-5c3dbc8\" data-id=\"5c3dbc8\" data-element_type=\"column\" data-e-type=\"column\">\n\t\t\t<div class=\"elementor-widget-wrap elementor-element-populated\">\n\t\t\t\t\t\t<section class=\"elementor-section elementor-inner-section elementor-element elementor-element-3c8394e elementor-section-boxed elementor-section-height-default elementor-section-height-default\" data-id=\"3c8394e\" data-element_type=\"section\" data-e-type=\"section\" data-settings=\"{&quot;_ha_eqh_enable&quot;:false}\">\n\t\t\t\t\t\t<div class=\"elementor-container elementor-column-gap-default\">\n\t\t\t\t\t<div class=\"elementor-column elementor-col-50 elementor-inner-column elementor-element elementor-element-71fcaa2\" data-id=\"71fcaa2\" data-element_type=\"column\" data-e-type=\"column\">\n\t\t\t<div class=\"elementor-widget-wrap elementor-element-populated\">\n\t\t\t\t\t\t<div class=\"elementor-element elementor-element-4ed6460 elementor-widget elementor-widget-heading\" data-id=\"4ed6460\" data-element_type=\"widget\" data-e-type=\"widget\" data-widget_type=\"heading.default\">\n\t\t\t\t<div class=\"elementor-widget-container\">\n\t\t\t\t\t<h2 class=\"elementor-heading-title elementor-size-default\">EST\u00c9REL<\/h2>\t\t\t\t<\/div>\n\t\t\t\t<\/div>\n\t\t\t\t\t<\/div>\n\t\t<\/div>\n\t\t\t\t<div class=\"elementor-column elementor-col-50 elementor-inner-column elementor-element elementor-element-d28b3fd\" data-id=\"d28b3fd\" data-element_type=\"column\" data-e-type=\"column\">\n\t\t\t<div class=\"elementor-widget-wrap elementor-element-populated\">\n\t\t\t\t\t\t<div class=\"elementor-element elementor-element-4ccd73a elementor-widget-divider--view-line elementor-widget elementor-widget-divider\" data-id=\"4ccd73a\" data-element_type=\"widget\" data-e-type=\"widget\" data-widget_type=\"divider.default\">\n\t\t\t\t<div class=\"elementor-widget-container\">\n\t\t\t\t\t\t\t<div class=\"elementor-divider\">\n\t\t\t<span class=\"elementor-divider-separator\">\n\t\t\t\t\t\t<\/span>\n\t\t<\/div>\n\t\t\t\t\t\t<\/div>\n\t\t\t\t<\/div>\n\t\t\t\t\t<\/div>\n\t\t<\/div>\n\t\t\t\t\t<\/div>\n\t\t<\/section>\n\t\t\t\t<div class=\"elementor-element elementor-element-44e9b7b elementor-widget elementor-widget-heading\" data-id=\"44e9b7b\" data-element_type=\"widget\" data-e-type=\"widget\" data-widget_type=\"heading.default\">\n\t\t\t\t<div class=\"elementor-widget-container\">\n\t\t\t\t\t<h3 class=\"elementor-heading-title elementor-size-default\">Accommodation rental in Saint-Rapha\u00ebl and Fr\u00e9jus<\/h3>\t\t\t\t<\/div>\n\t\t\t\t<\/div>\n\t\t\t\t<div class=\"elementor-element elementor-element-d05003b elementor-widget elementor-widget-text-editor\" data-id=\"d05003b\" data-element_type=\"widget\" data-e-type=\"widget\" data-widget_type=\"text-editor.default\">\n\t\t\t\t<div class=\"elementor-widget-container\">\n\t\t\t\t\t\t\t\t\t<p>You've registered for one of the S or M courses at the Saint-Rapha\u00ebl by Roxim Triathlon... and you need accommodation to get here but don't know where or how to look?<\/p><p>Visit our partner's website <b>Est\u00e9rel C\u00f4te d'Azur <\/b>to find out all about <b>l'Est\u00e9rel <\/b>and book your accommodation!<br \/>To find what you need, it's here and nowhere else!<\/p>\t\t\t\t\t\t\t\t<\/div>\n\t\t\t\t<\/div>\n\t\t\t\t<div class=\"elementor-element elementor-element-9ec3d21 elementor-mobile-align-center elementor-widget elementor-widget-button\" data-id=\"9ec3d21\" data-element_type=\"widget\" data-e-type=\"widget\" data-widget_type=\"button.default\">\n\t\t\t\t<div class=\"elementor-widget-container\">\n\t\t\t\t\t\t\t\t\t<div class=\"elementor-button-wrapper\">\n\t\t\t\t\t<a class=\"elementor-button elementor-button-link elementor-size-sm\" href=\"https:\/\/www.esterel-cotedazur.com\" target=\"_blank\">\n\t\t\t\t\t\t<span class=\"elementor-button-content-wrapper\">\n\t\t\t\t\t\t\t\t\t<span class=\"elementor-button-text\">BOOK HERE<\/span>\n\t\t\t\t\t<\/span>\n\t\t\t\t\t<\/a>\n\t\t\t\t<\/div>\n\t\t\t\t\t\t\t\t<\/div>\n\t\t\t\t<\/div>\n\t\t\t\t\t<\/div>\n\t\t<\/div>\n\t\t\t\t\t<\/div>\n\t\t<\/section>\n\t\t\t\t<section class=\"elementor-section elementor-top-section elementor-element elementor-element-4235e66 elementor-section-full_width elementor-section-height-default elementor-section-height-default\" data-id=\"4235e66\" data-element_type=\"section\" data-e-type=\"section\" data-settings=\"{&quot;background_background&quot;:&quot;classic&quot;,&quot;_ha_eqh_enable&quot;:false}\">\n\t\t\t\t\t\t<div class=\"elementor-container elementor-column-gap-default\">\n\t\t\t\t\t<div class=\"elementor-column elementor-col-100 elementor-top-column elementor-element elementor-element-389576b\" data-id=\"389576b\" data-element_type=\"column\" data-e-type=\"column\">\n\t\t\t<div class=\"elementor-widget-wrap elementor-element-populated\">\n\t\t\t\t\t\t<div class=\"elementor-element elementor-element-78ed140 elementor-widget elementor-widget-image\" data-id=\"78ed140\" data-element_type=\"widget\" data-e-type=\"widget\" data-widget_type=\"image.default\">\n\t\t\t\t<div class=\"elementor-widget-container\">\n\t\t\t\t\t\t\t\t\t\t\t\t\t\t\t<img loading=\"lazy\" decoding=\"async\" width=\"1903\" height=\"479\" src=\"https:\/\/triathlondesaintraphael.fr\/wp-content\/uploads\/2024\/03\/triathlon-parcour-2-2023.webp\" class=\"attachment-full size-full wp-image-473566\" alt=\"Le triathlon de Saint-Rapha\u00ebl by Roxim aura lieu tous les ans, avec 2 parcours S et M au choix suivant l&#039;\u00e2ge des coureurs\" srcset=\"https:\/\/triathlondesaintraphael.fr\/wp-content\/uploads\/2024\/03\/triathlon-parcour-2-2023.webp 1903w, https:\/\/triathlondesaintraphael.fr\/wp-content\/uploads\/2024\/03\/triathlon-parcour-2-2023-300x76.webp 300w, https:\/\/triathlondesaintraphael.fr\/wp-content\/uploads\/2024\/03\/triathlon-parcour-2-2023-1024x258.webp 1024w, https:\/\/triathlondesaintraphael.fr\/wp-content\/uploads\/2024\/03\/triathlon-parcour-2-2023-768x193.webp 768w, https:\/\/triathlondesaintraphael.fr\/wp-content\/uploads\/2024\/03\/triathlon-parcour-2-2023-1536x387.webp 1536w, https:\/\/triathlondesaintraphael.fr\/wp-content\/uploads\/2024\/03\/triathlon-parcour-2-2023-18x5.webp 18w\" sizes=\"(max-width: 1903px) 100vw, 1903px\" \/>\t\t\t\t\t\t\t\t\t\t\t\t\t\t\t<\/div>\n\t\t\t\t<\/div>\n\t\t\t\t\t<\/div>\n\t\t<\/div>\n\t\t\t\t\t<\/div>\n\t\t<\/section>\n\t\t\t\t<\/div>","protected":false},"excerpt":{"rendered":"<p>EQUIPMENT HIRE Don't have the equipment you need to take part in the triathlon? Don't worry, we've got you covered with our partners below! WATT DISTRIBUTION Neoprene wetsuit hire for the triathlon If you don't have a wetsuit for the Saint-Rapha\u00ebl Triathlon by Roxim yet, Watt Distribution, official sponsor of the event, can hire you...<\/p>","protected":false},"author":2,"featured_media":705875,"parent":0,"menu_order":0,"comment_status":"closed","ping_status":"closed","template":"","meta":{"footnotes":""},"class_list":["post-705433","page","type-page","status-publish","has-post-thumbnail","hentry"],"yoast_head":"<!-- This site is optimized with the Yoast SEO plugin v27.4 - https:\/\/yoast.com\/product\/yoast-seo-wordpress\/ -->\n<title>LOCATION DE MAT\u00c9RIELS du Triathlon de Saint-Rapha\u00ebl by Roxim<\/title>\n<meta name=\"description\" content=\"Parcours S et Parcours M en d\u00e9tail du Triathlon de Saint-Rapha\u00ebl dans le Var. Retrouvez les plans natation, v\u00e9lo et course \u00e0 pied\" \/>\n<meta name=\"robots\" content=\"index, follow, max-snippet:-1, max-image-preview:large, max-video-preview:-1\" \/>\n<link rel=\"canonical\" href=\"https:\/\/triathlondesaintraphael.fr\/en\/location-de-materiels\/\" \/>\n<meta property=\"og:locale\" content=\"en_GB\" \/>\n<meta property=\"og:type\" content=\"article\" \/>\n<meta property=\"og:title\" content=\"LOCATION DE MAT\u00c9RIELS du Triathlon de Saint-Rapha\u00ebl by Roxim\" \/>\n<meta property=\"og:description\" content=\"Parcours S et Parcours M en d\u00e9tail du Triathlon de Saint-Rapha\u00ebl dans le Var. Retrouvez les plans natation, v\u00e9lo et course \u00e0 pied\" \/>\n<meta property=\"og:url\" content=\"https:\/\/triathlondesaintraphael.fr\/en\/location-de-materiels\/\" \/>\n<meta property=\"article:publisher\" content=\"https:\/\/www.facebook.com\/TriathlonDeSaintRaphael\/\" \/>\n<meta property=\"article:modified_time\" content=\"2026-02-25T13:16:48+00:00\" \/>\n<meta property=\"og:image\" content=\"https:\/\/triathlondesaintraphael.fr\/wp-content\/uploads\/2025\/06\/tsr-location-materiel-1.webp\" \/>\n\t<meta property=\"og:image:width\" content=\"600\" \/>\n\t<meta property=\"og:image:height\" content=\"293\" \/>\n\t<meta property=\"og:image:type\" content=\"image\/webp\" \/>\n<meta name=\"twitter:label1\" content=\"Estimated reading time\" \/>\n\t<meta name=\"twitter:data1\" content=\"3 minutes\" \/>\n<script type=\"application\/ld+json\" class=\"yoast-schema-graph\">{\"@context\":\"https:\\\/\\\/schema.org\",\"@graph\":[{\"@type\":\"WebPage\",\"@id\":\"https:\\\/\\\/triathlondesaintraphael.fr\\\/location-de-materiels\\\/\",\"url\":\"https:\\\/\\\/triathlondesaintraphael.fr\\\/location-de-materiels\\\/\",\"name\":\"LOCATION DE MAT\u00c9RIELS du Triathlon de Saint-Rapha\u00ebl by Roxim\",\"isPartOf\":{\"@id\":\"https:\\\/\\\/triathlondesaintraphael.fr\\\/#website\"},\"primaryImageOfPage\":{\"@id\":\"https:\\\/\\\/triathlondesaintraphael.fr\\\/location-de-materiels\\\/#primaryimage\"},\"image\":{\"@id\":\"https:\\\/\\\/triathlondesaintraphael.fr\\\/location-de-materiels\\\/#primaryimage\"},\"thumbnailUrl\":\"https:\\\/\\\/triathlondesaintraphael.fr\\\/wp-content\\\/uploads\\\/2025\\\/06\\\/tsr-location-materiel-1.webp\",\"datePublished\":\"2025-06-12T07:18:46+00:00\",\"dateModified\":\"2026-02-25T13:16:48+00:00\",\"description\":\"Parcours S et Parcours M en d\u00e9tail du Triathlon de Saint-Rapha\u00ebl dans le Var. Retrouvez les plans natation, v\u00e9lo et course \u00e0 pied\",\"breadcrumb\":{\"@id\":\"https:\\\/\\\/triathlondesaintraphael.fr\\\/location-de-materiels\\\/#breadcrumb\"},\"inLanguage\":\"en-GB\",\"potentialAction\":[{\"@type\":\"ReadAction\",\"target\":[\"https:\\\/\\\/triathlondesaintraphael.fr\\\/location-de-materiels\\\/\"]}]},{\"@type\":\"ImageObject\",\"inLanguage\":\"en-GB\",\"@id\":\"https:\\\/\\\/triathlondesaintraphael.fr\\\/location-de-materiels\\\/#primaryimage\",\"url\":\"https:\\\/\\\/triathlondesaintraphael.fr\\\/wp-content\\\/uploads\\\/2025\\\/06\\\/tsr-location-materiel-1.webp\",\"contentUrl\":\"https:\\\/\\\/triathlondesaintraphael.fr\\\/wp-content\\\/uploads\\\/2025\\\/06\\\/tsr-location-materiel-1.webp\",\"width\":600,\"height\":293,\"caption\":\"Le triathlon de Saint-Rapha\u00ebl by Roxim aura lieu tous les ans, avec 2 parcours S et M au choix suivant l'\u00e2ge des coureurs\"},{\"@type\":\"BreadcrumbList\",\"@id\":\"https:\\\/\\\/triathlondesaintraphael.fr\\\/location-de-materiels\\\/#breadcrumb\",\"itemListElement\":[{\"@type\":\"ListItem\",\"position\":1,\"name\":\"Accueil\",\"item\":\"https:\\\/\\\/triathlondesaintraphael.fr\\\/\"},{\"@type\":\"ListItem\",\"position\":2,\"name\":\"LOCATION DE MAT\u00c9RIELS\"}]},{\"@type\":\"WebSite\",\"@id\":\"https:\\\/\\\/triathlondesaintraphael.fr\\\/#website\",\"url\":\"https:\\\/\\\/triathlondesaintraphael.fr\\\/\",\"name\":\"\",\"description\":\"\",\"potentialAction\":[{\"@type\":\"SearchAction\",\"target\":{\"@type\":\"EntryPoint\",\"urlTemplate\":\"https:\\\/\\\/triathlondesaintraphael.fr\\\/?s={search_term_string}\"},\"query-input\":{\"@type\":\"PropertyValueSpecification\",\"valueRequired\":true,\"valueName\":\"search_term_string\"}}],\"inLanguage\":\"en-GB\"}]}<\/script>\n<!-- \/ Yoast SEO plugin. -->","yoast_head_json":{"title":"EQUIPMENT HIRE for the Saint-Rapha\u00ebl Triathlon by Roxim","description":"Details of the S and M courses at the Saint-Rapha\u00ebl Triathlon in the Var. Find the swimming, cycling and running maps","robots":{"index":"index","follow":"follow","max-snippet":"max-snippet:-1","max-image-preview":"max-image-preview:large","max-video-preview":"max-video-preview:-1"},"canonical":"https:\/\/triathlondesaintraphael.fr\/en\/location-de-materiels\/","og_locale":"en_GB","og_type":"article","og_title":"LOCATION DE MAT\u00c9RIELS du Triathlon de Saint-Rapha\u00ebl by Roxim","og_description":"Parcours S et Parcours M en d\u00e9tail du Triathlon de Saint-Rapha\u00ebl dans le Var. Retrouvez les plans natation, v\u00e9lo et course \u00e0 pied","og_url":"https:\/\/triathlondesaintraphael.fr\/en\/location-de-materiels\/","article_publisher":"https:\/\/www.facebook.com\/TriathlonDeSaintRaphael\/","article_modified_time":"2026-02-25T13:16:48+00:00","og_image":[{"width":600,"height":293,"url":"https:\/\/triathlondesaintraphael.fr\/wp-content\/uploads\/2025\/06\/tsr-location-materiel-1.webp","type":"image\/webp"}],"twitter_misc":{"Estimated reading time":"3 minutes"},"schema":{"@context":"https:\/\/schema.org","@graph":[{"@type":"WebPage","@id":"https:\/\/triathlondesaintraphael.fr\/location-de-materiels\/","url":"https:\/\/triathlondesaintraphael.fr\/location-de-materiels\/","name":"EQUIPMENT HIRE for the Saint-Rapha\u00ebl Triathlon by Roxim","isPartOf":{"@id":"https:\/\/triathlondesaintraphael.fr\/#website"},"primaryImageOfPage":{"@id":"https:\/\/triathlondesaintraphael.fr\/location-de-materiels\/#primaryimage"},"image":{"@id":"https:\/\/triathlondesaintraphael.fr\/location-de-materiels\/#primaryimage"},"thumbnailUrl":"https:\/\/triathlondesaintraphael.fr\/wp-content\/uploads\/2025\/06\/tsr-location-materiel-1.webp","datePublished":"2025-06-12T07:18:46+00:00","dateModified":"2026-02-25T13:16:48+00:00","description":"Details of the S and M courses at the Saint-Rapha\u00ebl Triathlon in the Var. Find the swimming, cycling and running maps","breadcrumb":{"@id":"https:\/\/triathlondesaintraphael.fr\/location-de-materiels\/#breadcrumb"},"inLanguage":"en-GB","potentialAction":[{"@type":"ReadAction","target":["https:\/\/triathlondesaintraphael.fr\/location-de-materiels\/"]}]},{"@type":"ImageObject","inLanguage":"en-GB","@id":"https:\/\/triathlondesaintraphael.fr\/location-de-materiels\/#primaryimage","url":"https:\/\/triathlondesaintraphael.fr\/wp-content\/uploads\/2025\/06\/tsr-location-materiel-1.webp","contentUrl":"https:\/\/triathlondesaintraphael.fr\/wp-content\/uploads\/2025\/06\/tsr-location-materiel-1.webp","width":600,"height":293,"caption":"Le triathlon de Saint-Rapha\u00ebl by Roxim aura lieu tous les ans, avec 2 parcours S et M au choix suivant l'\u00e2ge des coureurs"},{"@type":"BreadcrumbList","@id":"https:\/\/triathlondesaintraphael.fr\/location-de-materiels\/#breadcrumb","itemListElement":[{"@type":"ListItem","position":1,"name":"Accueil","item":"https:\/\/triathlondesaintraphael.fr\/"},{"@type":"ListItem","position":2,"name":"LOCATION DE MAT\u00c9RIELS"}]},{"@type":"WebSite","@id":"https:\/\/triathlondesaintraphael.fr\/#website","url":"https:\/\/triathlondesaintraphael.fr\/","name":"","description":"","potentialAction":[{"@type":"SearchAction","target":{"@type":"EntryPoint","urlTemplate":"https:\/\/triathlondesaintraphael.fr\/?s={search_term_string}"},"query-input":{"@type":"PropertyValueSpecification","valueRequired":true,"valueName":"search_term_string"}}],"inLanguage":"en-GB"}]}},"_links":{"self":[{"href":"https:\/\/triathlondesaintraphael.fr\/en\/wp-json\/wp\/v2\/pages\/705433","targetHints":{"allow":["GET"]}}],"collection":[{"href":"https:\/\/triathlondesaintraphael.fr\/en\/wp-json\/wp\/v2\/pages"}],"about":[{"href":"https:\/\/triathlondesaintraphael.fr\/en\/wp-json\/wp\/v2\/types\/page"}],"author":[{"embeddable":true,"href":"https:\/\/triathlondesaintraphael.fr\/en\/wp-json\/wp\/v2\/users\/2"}],"replies":[{"embeddable":true,"href":"https:\/\/triathlondesaintraphael.fr\/en\/wp-json\/wp\/v2\/comments?post=705433"}],"version-history":[{"count":46,"href":"https:\/\/triathlondesaintraphael.fr\/en\/wp-json\/wp\/v2\/pages\/705433\/revisions"}],"predecessor-version":[{"id":830462,"href":"https:\/\/triathlondesaintraphael.fr\/en\/wp-json\/wp\/v2\/pages\/705433\/revisions\/830462"}],"wp:featuredmedia":[{"embeddable":true,"href":"https:\/\/triathlondesaintraphael.fr\/en\/wp-json\/wp\/v2\/media\/705875"}],"wp:attachment":[{"href":"https:\/\/triathlondesaintraphael.fr\/en\/wp-json\/wp\/v2\/media?parent=705433"}],"curies":[{"name":"wp","href":"https:\/\/api.w.org\/{rel}","templated":true}]}}